{"id":1413,"date":"2025-02-06T13:38:48","date_gmt":"2025-02-06T13:38:48","guid":{"rendered":"https:\/\/kollektiv-radix.at\/?page_id=1413"},"modified":"2025-04-30T12:34:53","modified_gmt":"2025-04-30T12:34:53","slug":"wurzelnimsturm25","status":"publish","type":"page","link":"https:\/\/kollektiv-radix.at\/index.php\/wurzelnimsturm25\/","title":{"rendered":"Seminar Wurzeln im Sturm Juni 2025"},"content":{"rendered":"\t\t<div data-elementor-type=\"wp-page\" data-elementor-id=\"1413\" class=\"elementor elementor-1413\" data-elementor-settings=\"[]\">\n\t\t\t\t\t\t<div class=\"elementor-inner\">\n\t\t\t\t\t\t\t<div class=\"elementor-section-wrap\">\n\t\t\t\t\t\t\t<section class=\"elementor-section elementor-top-section elementor-element elementor-element-80179ef elementor-section-boxed elementor-section-height-default elementor-section-height-default\" data-id=\"80179ef\" data-element_type=\"section\">\n\t\t\t\t\t\t<div class=\"elementor-container elementor-column-gap-default\">\n\t\t\t\t\t\t\t<div class=\"elementor-row\">\n\t\t\t\t\t<div class=\"elementor-column elementor-col-100 elementor-top-column elementor-element elementor-element-2cc3ab1\" data-id=\"2cc3ab1\" data-element_type=\"column\">\n\t\t\t<div class=\"elementor-column-wrap elementor-element-populated\">\n\t\t\t\t\t\t\t<div class=\"elementor-widget-wrap\">\n\t\t\t\t\t\t<div class=\"elementor-element elementor-element-d9b920f elementor-widget elementor-widget-heading\" data-id=\"d9b920f\" data-element_type=\"widget\" data-widget_type=\"heading.default\">\n\t\t\t\t<div class=\"elementor-widget-container\">\n\t\t\t<h2 class=\"elementor-heading-title elementor-size-default\">Seminar \"Wurzeln im Sturm \u2013 erm\u00e4chtigt in der Vielfachkrise\" \n<br>18. - 22. Juni 2025 in Klosterneuburg (bei Wien)<br><i>-&gt; Anmeldeschluss 14. Mai <\/i>&lt;-<\/h2>\t\t<\/div>\n\t\t\t\t<\/div>\n\t\t\t\t\t\t<\/div>\n\t\t\t\t\t<\/div>\n\t\t<\/div>\n\t\t\t\t\t\t\t\t<\/div>\n\t\t\t\t\t<\/div>\n\t\t<\/section>\n\t\t\t\t<section class=\"elementor-section elementor-top-section elementor-element elementor-element-cb9c1d0 elementor-section-boxed elementor-section-height-default elementor-section-height-default\" data-id=\"cb9c1d0\" data-element_type=\"section\">\n\t\t\t\t\t\t<div class=\"elementor-container elementor-column-gap-default\">\n\t\t\t\t\t\t\t<div class=\"elementor-row\">\n\t\t\t\t\t<div class=\"elementor-column elementor-col-100 elementor-top-column elementor-element elementor-element-dc9ca53\" data-id=\"dc9ca53\" data-element_type=\"column\">\n\t\t\t<div class=\"elementor-column-wrap elementor-element-populated\">\n\t\t\t\t\t\t\t<div class=\"elementor-widget-wrap\">\n\t\t\t\t\t\t<div class=\"elementor-element elementor-element-24a5c8c elementor-widget elementor-widget-image\" data-id=\"24a5c8c\" data-element_type=\"widget\" data-widget_type=\"image.default\">\n\t\t\t\t<div class=\"elementor-widget-container\">\n\t\t\t\t\t<div class=\"elementor-image\">\n\t\t\t\t\t\t\t\t\t\t<img decoding=\"async\" src=\"https:\/\/kollektiv-radix.at\/wp-content\/uploads\/elementor\/thumbs\/1-r2cxslnr8elqim7xglpkb3bvd9j97t2vlrmsr2vzj4.png\" title=\"1\" alt=\"1\" \/>\t\t\t\t\t\t\t\t\t\t\t<\/div>\n\t\t\t\t<\/div>\n\t\t\t\t<\/div>\n\t\t\t\t<div class=\"elementor-element elementor-element-e086d25 elementor-widget elementor-widget-text-editor\" data-id=\"e086d25\" data-element_type=\"widget\" data-widget_type=\"text-editor.default\">\n\t\t\t\t<div class=\"elementor-widget-container\">\n\t\t\t\t\t<div class=\"elementor-text-editor elementor-clearfix\"><\/div>\n\t\t\t\t<\/div>\n\t\t\t\t<\/div>\n\t\t\t\t\t\t<\/div>\n\t\t\t\t\t<\/div>\n\t\t<\/div>\n\t\t\t\t\t\t\t\t<\/div>\n\t\t\t\t\t<\/div>\n\t\t<\/section>\n\t\t\t\t<section class=\"elementor-section elementor-top-section elementor-element elementor-element-5bfeee8 elementor-section-boxed elementor-section-height-default elementor-section-height-default\" data-id=\"5bfeee8\" data-element_type=\"section\">\n\t\t\t\t\t\t<div class=\"elementor-container elementor-column-gap-default\">\n\t\t\t\t\t\t\t<div class=\"elementor-row\">\n\t\t\t\t\t<div class=\"elementor-column elementor-col-100 elementor-top-column elementor-element elementor-element-0763318\" data-id=\"0763318\" data-element_type=\"column\">\n\t\t\t<div class=\"elementor-column-wrap elementor-element-populated\">\n\t\t\t\t\t\t\t<div class=\"elementor-widget-wrap\">\n\t\t\t\t\t\t<div class=\"elementor-element elementor-element-6979bfa elementor-widget elementor-widget-text-editor\" data-id=\"6979bfa\" data-element_type=\"widget\" data-widget_type=\"text-editor.default\">\n\t\t\t\t<div class=\"elementor-widget-container\">\n\t\t\t\t\t<div class=\"elementor-text-editor elementor-clearfix\"><div id=\"meta-origin\" data-coolorigin=\"https%3A%2F%2Fcollabora.freiheitswolke.org%2Fcool%2Fclipboard%3FWOPISrc%3Dhttps%253A%252F%252Fcloud.freiheitswolke.org%252Findex.php%252Fapps%252Frichdocuments%252Fwopi%252Ffiles%252F38931702_oc86f5063dac%26ServerId%3D27403ef3%26ViewId%3D4%26Tag%3D4f8f53e09f2f5d32\"><p>\u2192 Du bist voller Unruhe, Wut und Angst \u00fcber die soziale<span style=\"color: #000000;\">n, politischen u<\/span>nd \u00f6kologischen Krisen und f\u00fchlst dich darin ohnm\u00e4chtig oder \u00fcberfordert?<\/p><p>\u2192 Du m\u00f6chtest aus dieser Isolation rauskommen und die Kraft von Gemeinschaft erleben?<\/p><p>\u2192 Der Alltag l\u00e4sst dir kaum Raum und Zeit, erm\u00e4chtigende Antworten auf diese vielen Krisen zu finden?<\/p><p>\u2192 Du fragst dich, wie du dein Leben angesichts der Weltlage (neu) ausrichten m\u00f6chtest?<\/p><\/div><\/div>\n\t\t\t\t<\/div>\n\t\t\t\t<\/div>\n\t\t\t\t\t\t<\/div>\n\t\t\t\t\t<\/div>\n\t\t<\/div>\n\t\t\t\t\t\t\t\t<\/div>\n\t\t\t\t\t<\/div>\n\t\t<\/section>\n\t\t\t\t<section class=\"elementor-section elementor-top-section elementor-element elementor-element-dff8c0f elementor-section-boxed elementor-section-height-default elementor-section-height-default\" data-id=\"dff8c0f\" data-element_type=\"section\">\n\t\t\t\t\t\t<div class=\"elementor-container elementor-column-gap-default\">\n\t\t\t\t\t\t\t<div class=\"elementor-row\">\n\t\t\t\t\t<div class=\"elementor-column elementor-col-100 elementor-top-column elementor-element elementor-element-8ac8e72\" data-id=\"8ac8e72\" data-element_type=\"column\">\n\t\t\t<div class=\"elementor-column-wrap elementor-element-populated\">\n\t\t\t\t\t\t\t<div class=\"elementor-widget-wrap\">\n\t\t\t\t\t\t<div class=\"elementor-element elementor-element-220e3f5 elementor-widget elementor-widget-toggle\" data-id=\"220e3f5\" data-element_type=\"widget\" data-widget_type=\"toggle.default\">\n\t\t\t\t<div class=\"elementor-widget-container\">\n\t\t\t\t\t<div class=\"elementor-toggle\" role=\"tablist\">\n\t\t\t\t\t\t\t<div class=\"elementor-toggle-item\">\n\t\t\t\t\t<div id=\"elementor-tab-title-3571\" class=\"elementor-tab-title\" data-tab=\"1\" role=\"tab\" aria-controls=\"elementor-tab-content-3571\">\n\t\t\t\t\t\t\t\t\t\t\t\t<span class=\"elementor-toggle-icon elementor-toggle-icon-left\" aria-hidden=\"true\">\n\t\t\t\t\t\t\t\t\t\t\t\t\t\t\t<span class=\"elementor-toggle-icon-closed\"><i class=\"fas fa-caret-right\"><\/i><\/span>\n\t\t\t\t\t\t\t\t<span class=\"elementor-toggle-icon-opened\"><i class=\"elementor-toggle-icon-opened fas fa-caret-up\"><\/i><\/span>\n\t\t\t\t\t\t\t\t\t\t\t\t\t<\/span>\n\t\t\t\t\t\t\t\t\t\t\t\t<a href=\"\" class=\"elementor-toggle-title\">\u00dcber das Seminar<\/a>\n\t\t\t\t\t<\/div>\n\t\t\t\t\t<div id=\"elementor-tab-content-3571\" class=\"elementor-tab-content elementor-clearfix\" data-tab=\"1\" role=\"tabpanel\" aria-labelledby=\"elementor-tab-title-3571\"><div id=\"meta-origin\" data-coolorigin=\"https%3A%2F%2Fcollabora.freiheitswolke.org%2Fcool%2Fclipboard%3FWOPISrc%3Dhttps%253A%252F%252Fcloud.freiheitswolke.org%252Findex.php%252Fapps%252Frichdocuments%252Fwopi%252Ffiles%252F38931702_oc86f5063dac%26ServerId%3D27403ef3%26ViewId%3D4%26Tag%3D5054d9e63a957152\"><p>Im 5-t\u00e4gigen Seminar schauen wir gemeinsam, wie wir unser Leben in der Vielfachkrise so gestalten, dass Solidarit\u00e4t und Erm\u00e4chtigung Teil unseres Alltags sind und bleiben.<br \/><br \/>Unsere <strong>Wurzeln<\/strong> reichen tief, wir entdecken ungeahnte Ressourcen f\u00fcr die st\u00fcrmischen Zeiten. <br \/>Wir erleben, welchen n\u00e4hrenden <strong>Boden<\/strong> wir in Gemeinschaft brauchen und schaffen k\u00f6nnen.<br \/>Und wir lassen die <strong>\u00c4ste<\/strong> wachsen und <b>Fr\u00fcchte<\/b> entstehen: worauf richten wir uns aus und wie kommen wir ins handeln?<\/p><p>Daf\u00fcr arbeiten wir mit Anliegen aus der Gruppe und gehen diesen mit Erfahrungs\u00fcbungen und Impulsen in einem unterst\u00fctzenden Rahmen auf den Grund. Dabei ist Raum f\u00fcr die Vielseitigkeit, wie Menschen die Krisen unterschiedlich erleben, z.B. auch in Bezug auf gesellschaftliche Ungleichheiten und welche wertvolle Perspektiven jede:r Einzelne dazu mitbringt.<\/p><\/div><div id=\"meta-origin\" data-coolorigin=\"https%3A%2F%2Fcollabora.freiheitswolke.org%2Fcool%2Fclipboard%3FWOPISrc%3Dhttps%253A%252F%252Fcloud.freiheitswolke.org%252Findex.php%252Fapps%252Frichdocuments%252Fwopi%252Ffiles%252F38931702_oc86f5063dac%26ServerId%3D27403ef3%26ViewId%3D4%26Tag%3D43c21fc88875f3bb\"><p>Als Seminarbegleitungen haben wir unter anderem Methoden aus Erlebnisp\u00e4dagogik, aktiver Hoffnung\/work that reconnects, Biographiearbeit und dem Theater der Unterdr\u00fcckten im Gep\u00e4ck. Eure Ideen zur Inhaltsgestaltung sind sehr erw\u00fcnscht!<\/p><\/div><\/div>\n\t\t\t\t<\/div>\n\t\t\t\t\t\t\t<div class=\"elementor-toggle-item\">\n\t\t\t\t\t<div id=\"elementor-tab-title-3572\" class=\"elementor-tab-title\" data-tab=\"2\" role=\"tab\" aria-controls=\"elementor-tab-content-3572\">\n\t\t\t\t\t\t\t\t\t\t\t\t<span class=\"elementor-toggle-icon elementor-toggle-icon-left\" aria-hidden=\"true\">\n\t\t\t\t\t\t\t\t\t\t\t\t\t\t\t<span class=\"elementor-toggle-icon-closed\"><i class=\"fas fa-caret-right\"><\/i><\/span>\n\t\t\t\t\t\t\t\t<span class=\"elementor-toggle-icon-opened\"><i class=\"elementor-toggle-icon-opened fas fa-caret-up\"><\/i><\/span>\n\t\t\t\t\t\t\t\t\t\t\t\t\t<\/span>\n\t\t\t\t\t\t\t\t\t\t\t\t<a href=\"\" class=\"elementor-toggle-title\">An wen richtet sich das Seminar?<\/a>\n\t\t\t\t\t<\/div>\n\t\t\t\t\t<div id=\"elementor-tab-content-3572\" class=\"elementor-tab-content elementor-clearfix\" data-tab=\"2\" role=\"tabpanel\" aria-labelledby=\"elementor-tab-title-3572\"><div id=\"meta-origin\" data-coolorigin=\"https%3A%2F%2Fcollabora.freiheitswolke.org%2Fcool%2Fclipboard%3FWOPISrc%3Dhttps%253A%252F%252Fcloud.freiheitswolke.org%252Findex.php%252Fapps%252Frichdocuments%252Fwopi%252Ffiles%252F38931702_oc86f5063dac%26ServerId%3D27403ef3%26ViewId%3D4%26Tag%3D5054d9e63a957152\"><p>Du f\u00fchlst dich von den Fragen oben angesprochen und bist<\/p><p>&#8230;bereit f\u00fcr einen intensiven Prozess in der Gruppe<br \/><br \/>&#8230;offen, neu auf dein Leben in der Vielfachkrise zu blicken<\/p><p>\u2026\u00fcberzeugt, dass es eine solidarische Gesellschaft braucht<\/p><p>Egal welches Alter, welche politische Erfahrung du mitbringst und welchen gesellschaftlichen Unterdr\u00fcckungen du ausgesetzt bist, du bist willkommen!<\/p><\/div><\/div>\n\t\t\t\t<\/div>\n\t\t\t\t\t\t\t<div class=\"elementor-toggle-item\">\n\t\t\t\t\t<div id=\"elementor-tab-title-3573\" class=\"elementor-tab-title\" data-tab=\"3\" role=\"tab\" aria-controls=\"elementor-tab-content-3573\">\n\t\t\t\t\t\t\t\t\t\t\t\t<span class=\"elementor-toggle-icon elementor-toggle-icon-left\" aria-hidden=\"true\">\n\t\t\t\t\t\t\t\t\t\t\t\t\t\t\t<span class=\"elementor-toggle-icon-closed\"><i class=\"fas fa-caret-right\"><\/i><\/span>\n\t\t\t\t\t\t\t\t<span class=\"elementor-toggle-icon-opened\"><i class=\"elementor-toggle-icon-opened fas fa-caret-up\"><\/i><\/span>\n\t\t\t\t\t\t\t\t\t\t\t\t\t<\/span>\n\t\t\t\t\t\t\t\t\t\t\t\t<a href=\"\" class=\"elementor-toggle-title\">Kosten<\/a>\n\t\t\t\t\t<\/div>\n\t\t\t\t\t<div id=\"elementor-tab-content-3573\" class=\"elementor-tab-content elementor-clearfix\" data-tab=\"3\" role=\"tabpanel\" aria-labelledby=\"elementor-tab-title-3573\"><p>Uns ist wichtig, dass Geld kein Hindernis f\u00fcr die Teilnahme ist. Daf\u00fcr gibt es diesmal ein zweistufiges Beitragssystem:<\/p><p>1.) <b>50\u20ac Anzahlung*<\/b> als Commitment Beitrag, mit dem Du deinen Platz im Seminar best\u00e4tigst. Damit wir unser finanzielles Risiko und deine unvorhergesehene M\u00f6glichkeit abzuspringen fair teilen. Dieser Teil wird nicht zur\u00fcckerstattet.<\/p><p>2.) Zus\u00e4tzlich: <b>frei w\u00e4hlbarer Seminarbeitrag<\/b> mit 3 Orientierungsbereichen (zu zahlen am Ende des Seminars):<\/p><p><b>0-50\u20ac <\/b>&#8211; Erm\u00e4\u00dfigt. Du hast wenig Geld und kannst dir zB. keinen Urlaub leisten.<\/p><p><b>100-200\u20ac <\/b>&#8211; Genug. Du hast genug, f\u00e4hrst auch auf Urlaub, hast aber keinen gro\u00dfen Puffer, um z.B. Ersparnisse anzulegen.<\/p><p><b>250-400\u20ac<\/b> &#8211; Umverteilt. Du hast mehr als genug und beteiligst dich entsprechend mehr.<\/p><p>*Bitte schreib uns, wenn das ein Hindernis ist.<\/p><p>Diese beiden Beitr\u00e4ge decken Seminar, Material, Essen und Unterkunft ab. Kosten f\u00fcr An\/Abreise werden selbst getragen.<\/p><\/div>\n\t\t\t\t<\/div>\n\t\t\t\t\t\t\t<div class=\"elementor-toggle-item\">\n\t\t\t\t\t<div id=\"elementor-tab-title-3574\" class=\"elementor-tab-title\" data-tab=\"4\" role=\"tab\" aria-controls=\"elementor-tab-content-3574\">\n\t\t\t\t\t\t\t\t\t\t\t\t<span class=\"elementor-toggle-icon elementor-toggle-icon-left\" aria-hidden=\"true\">\n\t\t\t\t\t\t\t\t\t\t\t\t\t\t\t<span class=\"elementor-toggle-icon-closed\"><i class=\"fas fa-caret-right\"><\/i><\/span>\n\t\t\t\t\t\t\t\t<span class=\"elementor-toggle-icon-opened\"><i class=\"elementor-toggle-icon-opened fas fa-caret-up\"><\/i><\/span>\n\t\t\t\t\t\t\t\t\t\t\t\t\t<\/span>\n\t\t\t\t\t\t\t\t\t\t\t\t<a href=\"\" class=\"elementor-toggle-title\">Team<\/a>\n\t\t\t\t\t<\/div>\n\t\t\t\t\t<div id=\"elementor-tab-content-3574\" class=\"elementor-tab-content elementor-clearfix\" data-tab=\"4\" role=\"tabpanel\" aria-labelledby=\"elementor-tab-title-3574\"><div id=\"meta-origin\" data-coolorigin=\"https%3A%2F%2Fcollabora.freiheitswolke.org%2Fcool%2Fclipboard%3FWOPISrc%3Dhttps%253A%252F%252Fcloud.freiheitswolke.org%252Findex.php%252Fapps%252Frichdocuments%252Fwopi%252Ffiles%252F38931702_oc86f5063dac%26ServerId%3D27403ef3%26ViewId%3D4%26Tag%3D5054d9e63a957152\">\n<p><img decoding=\"async\" loading=\"lazy\" class=\"size-medium wp-image-1507 alignleft\" src=\"https:\/\/kollektiv-radix.at\/wp-content\/uploads\/2025\/03\/marie-portrait-197x300.jpeg\" alt=\"\" width=\"197\" height=\"300\" srcset=\"https:\/\/kollektiv-radix.at\/wp-content\/uploads\/2025\/03\/marie-portrait-197x300.jpeg 197w, https:\/\/kollektiv-radix.at\/wp-content\/uploads\/2025\/03\/marie-portrait-673x1024.jpeg 673w, https:\/\/kollektiv-radix.at\/wp-content\/uploads\/2025\/03\/marie-portrait-768x1169.jpeg 768w, https:\/\/kollektiv-radix.at\/wp-content\/uploads\/2025\/03\/marie-portrait-1009x1536.jpeg 1009w, https:\/\/kollektiv-radix.at\/wp-content\/uploads\/2025\/03\/marie-portrait-800x1218.jpeg 800w, https:\/\/kollektiv-radix.at\/wp-content\/uploads\/2025\/03\/marie-portrait.jpeg 1051w\" sizes=\"(max-width: 197px) 100vw, 197px\" \/>Marie (sie\/ihr), Bildungs- und Sozialarbeiterin. Eine meiner Lieblingsbesch\u00e4ftigungen ist es, hinter Fassaden zu blicken und Hintergr\u00fcnde menschlichen Handelns zu erkunden. Ich bringe langj\u00e4hrige Erfahrung aus der Seminarbegleitung im Kontext von internationalen Freiwilligendiensten f\u00fcr junge Erwachsen sowie Methoden z.B. aus der Erlebnisp\u00e4dagogik und betzavta mit. In Wien habe ich aktivistische Gruppen von innen und aussen kennengelernt.<\/p>\n<div id=\"meta-origin\" data-coolorigin=\"https%3A%2F%2Fcollabora.freiheitswolke.org%2Fcool%2Fclipboard%3FWOPISrc%3Dhttps%253A%252F%252Fcloud.freiheitswolke.org%252Findex.php%252Fapps%252Frichdocuments%252Fwopi%252Ffiles%252F38931702_oc86f5063dac%26ServerId%3D27403ef3%26ViewId%3D4%26Tag%3D43c21fc88875f3bb\">\n<p><\/p>\n<\/div>\n<div id=\"meta-origin\" data-coolorigin=\"https%3A%2F%2Fcollabora.freiheitswolke.org%2Fcool%2Fclipboard%3FWOPISrc%3Dhttps%253A%252F%252Fcloud.freiheitswolke.org%252Findex.php%252Fapps%252Frichdocuments%252Fwopi%252Ffiles%252F38931702_oc86f5063dac%26ServerId%3D27403ef3%26ViewId%3D4%26Tag%3D43c21fc88875f3bb\">\n<p><img decoding=\"async\" loading=\"lazy\" class=\"wp-image-1471 size-medium alignright\" src=\"https:\/\/kollektiv-radix.at\/wp-content\/uploads\/2025\/03\/photo_2025-02-20_15-00-08-e1741079218865-269x300.jpg\" alt=\"\" width=\"269\" height=\"300\" srcset=\"https:\/\/kollektiv-radix.at\/wp-content\/uploads\/2025\/03\/photo_2025-02-20_15-00-08-e1741079218865-269x300.jpg 269w, https:\/\/kollektiv-radix.at\/wp-content\/uploads\/2025\/03\/photo_2025-02-20_15-00-08-e1741079218865.jpg 546w\" sizes=\"(max-width: 269px) 100vw, 269px\" \/><\/p>\n<p>Sven (er\/ihn), trainer in transformativer Bildung und Sozio\u00f6konom. Gepr\u00e4gt durch diverse Projekte f\u00fcr Klimagerechtigkeit, ein zukunftsf\u00e4higes Wirtschaftssystem und gegen den Rechtsruck. Ich bin \u00fcberzeugt, wenn Menschen mit ihren Gaben dort wirksam werden, wo Solidarit\u00e4t und Ver\u00e4nderung n\u00f6tig ist, entsteht Erm\u00e4chtigung, Connection und Sinn. Mich interessiert deshalb die Schnittstelle von inneren Prozessen, Gemeinschaft und dem langfristigen Einsatz f\u00fcr Gerechtigkeit.<\/p>\n<p><\/p>\n<\/div>\n<\/div><\/div>\n\t\t\t\t<\/div>\n\t\t\t\t\t\t\t<div class=\"elementor-toggle-item\">\n\t\t\t\t\t<div id=\"elementor-tab-title-3575\" class=\"elementor-tab-title\" data-tab=\"5\" role=\"tab\" aria-controls=\"elementor-tab-content-3575\">\n\t\t\t\t\t\t\t\t\t\t\t\t<span class=\"elementor-toggle-icon elementor-toggle-icon-left\" aria-hidden=\"true\">\n\t\t\t\t\t\t\t\t\t\t\t\t\t\t\t<span class=\"elementor-toggle-icon-closed\"><i class=\"fas fa-caret-right\"><\/i><\/span>\n\t\t\t\t\t\t\t\t<span class=\"elementor-toggle-icon-opened\"><i class=\"elementor-toggle-icon-opened fas fa-caret-up\"><\/i><\/span>\n\t\t\t\t\t\t\t\t\t\t\t\t\t<\/span>\n\t\t\t\t\t\t\t\t\t\t\t\t<a href=\"\" class=\"elementor-toggle-title\">Barrieren<\/a>\n\t\t\t\t\t<\/div>\n\t\t\t\t\t<div id=\"elementor-tab-content-3575\" class=\"elementor-tab-content elementor-clearfix\" data-tab=\"5\" role=\"tabpanel\" aria-labelledby=\"elementor-tab-title-3575\"><div id=\"meta-origin\" data-coolorigin=\"https%3A%2F%2Fcollabora.freiheitswolke.org%2Fcool%2Fclipboard%3FWOPISrc%3Dhttps%253A%252F%252Fcloud.freiheitswolke.org%252Findex.php%252Fapps%252Frichdocuments%252Fwopi%252Ffiles%252F38931702_oc86f5063dac%26ServerId%3D27403ef3%26ViewId%3D4%26Tag%3D43c21fc88875f3bb\"><p>Das Seminar findet in deutscher Lautsprache statt. Die Unterkunft ist leider nicht rollstuhlgerecht ausgestattet. Mit \u00f6ffentlichen Verkehrsmitteln ist das Haus mit dem Bus erreichbar.<br \/>Die Unterbringung erfolgt in Mehrbettzimmern unterschiedlicher Gr\u00f6\u00dfe. Wir versuchen, wenn wir alle Infos von allen haben, eine bedarfsgerechte Verteilung zu organisieren. Vor Ort gibt es Gruppenduschen, wir werden in der Gruppe einen Modus besprechen, mit dem es m\u00f6glich ist, auch einzeln zu duschen. Mehr Informationen zum LVZ Kierling bekommst du hier: https:\/\/www.noe-pfadfinder.at\/haus-info\/.<br \/>Es wird einen Ruhe Raum, Support, (Zuh\u00f6r)-Strukturen und eine Care-Ecke im Seminarraum geben, um sich aus Aktivit\u00e4ten rausziehen zu k\u00f6nnen. Sprich uns bei Fragen und Bed\u00fcrfnissen gern an. Wir fragen das auch in der Anmeldung ab.<\/p><\/div><\/div>\n\t\t\t\t<\/div>\n\t\t\t\t\t\t\t<div class=\"elementor-toggle-item\">\n\t\t\t\t\t<div id=\"elementor-tab-title-3576\" class=\"elementor-tab-title\" data-tab=\"6\" role=\"tab\" aria-controls=\"elementor-tab-content-3576\">\n\t\t\t\t\t\t\t\t\t\t\t\t<span class=\"elementor-toggle-icon elementor-toggle-icon-left\" aria-hidden=\"true\">\n\t\t\t\t\t\t\t\t\t\t\t\t\t\t\t<span class=\"elementor-toggle-icon-closed\"><i class=\"fas fa-caret-right\"><\/i><\/span>\n\t\t\t\t\t\t\t\t<span class=\"elementor-toggle-icon-opened\"><i class=\"elementor-toggle-icon-opened fas fa-caret-up\"><\/i><\/span>\n\t\t\t\t\t\t\t\t\t\t\t\t\t<\/span>\n\t\t\t\t\t\t\t\t\t\t\t\t<a href=\"\" class=\"elementor-toggle-title\">Mutiger Raum<\/a>\n\t\t\t\t\t<\/div>\n\t\t\t\t\t<div id=\"elementor-tab-content-3576\" class=\"elementor-tab-content elementor-clearfix\" data-tab=\"6\" role=\"tabpanel\" aria-labelledby=\"elementor-tab-title-3576\"><p>Beim Seminar sprechen wir \u00fcber Gesellschaftliche Krisen, strukturelle Ungleichheiten und unsere eigenen Erfahrungen. Wir alle haben dabei unterschiedliche Hintergr\u00fcnde und gesellschaftliche Positionen, die unsere Erfahrung pr\u00e4gen. Uns ist daher wichtig einen Rahmen zu schaffen, in dem sich alle im Seminar wohl und sicher genug f\u00fchlen, um sich in der Gruppe entfalten zu k\u00f6nnen und es die M\u00f6glichkeit zum Austausch von Diskriminierungserfahrungen wie auch zur kritischen Selbstreflektion, z.B. \u00fcber die eigenen Privilegien geben kann.\u00a0 Wir k\u00f6nnen dabei keinen vollst\u00e4ndig sicheren Raum garantieren, wir gehen von einer gemischten Gruppe aus und arbeiten deshalb mit dem <a href=\"https:\/\/wexnermedical.osu.edu\/-\/media\/files\/wexnermedical\/patient-care\/patient-and-visitor-guide\/patient-support-services\/spiritual-and-pastoral-care\/prayer-request\/an-invitation-to-brave-space.pdf?la=en&amp;hash=F9195D91666608DE42C4E2BF37F830F66A82BF2B\">Konzept des &#8222;mutigen&#8220; Raums nach Micky ScottBey Jones<\/a> (engl. &#8222;courageous space&#8220;) . Es wird vor Ort dazu eine gemeinsame Gruppenvereinbarung geben.<\/p><\/div>\n\t\t\t\t<\/div>\n\t\t\t\t\t\t\t<div class=\"elementor-toggle-item\">\n\t\t\t\t\t<div id=\"elementor-tab-title-3577\" class=\"elementor-tab-title\" data-tab=\"7\" role=\"tab\" aria-controls=\"elementor-tab-content-3577\">\n\t\t\t\t\t\t\t\t\t\t\t\t<span class=\"elementor-toggle-icon elementor-toggle-icon-left\" aria-hidden=\"true\">\n\t\t\t\t\t\t\t\t\t\t\t\t\t\t\t<span class=\"elementor-toggle-icon-closed\"><i class=\"fas fa-caret-right\"><\/i><\/span>\n\t\t\t\t\t\t\t\t<span class=\"elementor-toggle-icon-opened\"><i class=\"elementor-toggle-icon-opened fas fa-caret-up\"><\/i><\/span>\n\t\t\t\t\t\t\t\t\t\t\t\t\t<\/span>\n\t\t\t\t\t\t\t\t\t\t\t\t<a href=\"\" class=\"elementor-toggle-title\">Anmeldung<\/a>\n\t\t\t\t\t<\/div>\n\t\t\t\t\t<div id=\"elementor-tab-content-3577\" class=\"elementor-tab-content elementor-clearfix\" data-tab=\"7\" role=\"tabpanel\" aria-labelledby=\"elementor-tab-title-3577\"><div id=\"meta-origin\" data-coolorigin=\"https%3A%2F%2Fcollabora.freiheitswolke.org%2Fcool%2Fclipboard%3FWOPISrc%3Dhttps%253A%252F%252Fcloud.freiheitswolke.org%252Findex.php%252Fapps%252Frichdocuments%252Fwopi%252Ffiles%252F38931702_oc86f5063dac%26ServerId%3D27403ef3%26ViewId%3D4%26Tag%3D43c21fc88875f3bb\"><p><strong>1. <a href=\"https:\/\/cloud.freiheitswolke.org\/apps\/forms\/s\/qHrxzpzRNenMsBJd2TZ8cJCR\">F\u00fclle bis 14. Mai dieses kurze Anmeldeformular aus.<\/a> <\/strong><br \/>2. Wir melden uns baldm\u00f6glichst bei dir mit einer fixen R\u00fcckmeldung. <br \/>3. Du best\u00e4tigst deinen Platz mit der Anzahlung von 50\u20ac.*<\/p><ul><li><p>wir haben leider vermehrt die Erfahrung gemacht, dass Menschen unverbindlich sind und sehr kurzfristig abspringen. Wir m\u00f6chten einen Ausgleich finden zwischen unserem Risiko, auf den Fixkosten h\u00e4ngen zu bleiben und<\/p><\/li><\/ul><\/div><\/div>\n\t\t\t\t<\/div>\n\t\t\t\t\t\t\t<div class=\"elementor-toggle-item\">\n\t\t\t\t\t<div id=\"elementor-tab-title-3578\" class=\"elementor-tab-title\" data-tab=\"8\" role=\"tab\" aria-controls=\"elementor-tab-content-3578\">\n\t\t\t\t\t\t\t\t\t\t\t\t<span class=\"elementor-toggle-icon elementor-toggle-icon-left\" aria-hidden=\"true\">\n\t\t\t\t\t\t\t\t\t\t\t\t\t\t\t<span class=\"elementor-toggle-icon-closed\"><i class=\"fas fa-caret-right\"><\/i><\/span>\n\t\t\t\t\t\t\t\t<span class=\"elementor-toggle-icon-opened\"><i class=\"elementor-toggle-icon-opened fas fa-caret-up\"><\/i><\/span>\n\t\t\t\t\t\t\t\t\t\t\t\t\t<\/span>\n\t\t\t\t\t\t\t\t\t\t\t\t<a href=\"\" class=\"elementor-toggle-title\">Ort, Zeit, Essen<\/a>\n\t\t\t\t\t<\/div>\n\t\t\t\t\t<div id=\"elementor-tab-content-3578\" class=\"elementor-tab-content elementor-clearfix\" data-tab=\"8\" role=\"tabpanel\" aria-labelledby=\"elementor-tab-title-3578\"><p>Das Seminar findet im Pfadfinder*innen Zentrum Klosterneuburg-Kierling statt. <br \/>Unterbringung in einfachen Mehrbettzimmern.<br \/>Seminarverpflegung ist vegan und wir ber\u00fccksichtigen Allergien\/Unvertr\u00e4glichkeiten.<br \/>Das Seminar startet am Mittwoch den 18. um 16 Uhr und endet am Sonntag den 22. gegen 13 Uhr.<\/p><\/div>\n\t\t\t\t<\/div>\n\t\t\t\t\t<\/div>\n\t\t\t\t<\/div>\n\t\t\t\t<\/div>\n\t\t\t\t\t\t<\/div>\n\t\t\t\t\t<\/div>\n\t\t<\/div>\n\t\t\t\t\t\t\t\t<\/div>\n\t\t\t\t\t<\/div>\n\t\t<\/section>\n\t\t\t\t<section class=\"elementor-section elementor-top-section elementor-element elementor-element-cc7725f elementor-section-boxed elementor-section-height-default elementor-section-height-default\" data-id=\"cc7725f\" data-element_type=\"section\">\n\t\t\t\t\t\t<div class=\"elementor-container elementor-column-gap-default\">\n\t\t\t\t\t\t\t<div class=\"elementor-row\">\n\t\t\t\t\t<div class=\"elementor-column elementor-col-100 elementor-top-column elementor-element elementor-element-3a94969\" data-id=\"3a94969\" data-element_type=\"column\">\n\t\t\t<div class=\"elementor-column-wrap elementor-element-populated\">\n\t\t\t\t\t\t\t<div class=\"elementor-widget-wrap\">\n\t\t\t\t\t\t<div class=\"elementor-element elementor-element-c085726 elementor-widget elementor-widget-text-editor\" data-id=\"c085726\" data-element_type=\"widget\" data-widget_type=\"text-editor.default\">\n\t\t\t\t<div class=\"elementor-widget-container\">\n\t\t\t\t\t<div class=\"elementor-text-editor elementor-clearfix\"><h2 style=\"line-height: 100%; margin-bottom: 0cm;\" align=\"center\">Dieses Seminar wird gef\u00f6rdert von der \u00d6sterreichischen Gesellschaft f\u00fcr politische Bildung und der \u00d6sterreichischen Hochsch\u00fcler_innenschaft.<\/h2><p><style type=\"text\/css\">p { line-height: 115%; margin-bottom: 0.25cm; background: transparent }a:link { color: #000080; text-decoration: underline }<\/style><\/p><\/div>\n\t\t\t\t<\/div>\n\t\t\t\t<\/div>\n\t\t\t\t\t\t<\/div>\n\t\t\t\t\t<\/div>\n\t\t<\/div>\n\t\t\t\t\t\t\t\t<\/div>\n\t\t\t\t\t<\/div>\n\t\t<\/section>\n\t\t\t\t<section class=\"elementor-section elementor-top-section elementor-element elementor-element-ae1f752 elementor-section-boxed elementor-section-height-default elementor-section-height-default\" data-id=\"ae1f752\" data-element_type=\"section\">\n\t\t\t\t\t\t<div class=\"elementor-container elementor-column-gap-default\">\n\t\t\t\t\t\t\t<div class=\"elementor-row\">\n\t\t\t\t\t<div class=\"elementor-column elementor-col-33 elementor-top-column elementor-element elementor-element-2294580\" data-id=\"2294580\" data-element_type=\"column\">\n\t\t\t<div class=\"elementor-column-wrap elementor-element-populated\">\n\t\t\t\t\t\t\t<div class=\"elementor-widget-wrap\">\n\t\t\t\t\t\t<div class=\"elementor-element elementor-element-e5ca975 elementor-widget elementor-widget-image\" data-id=\"e5ca975\" data-element_type=\"widget\" data-widget_type=\"image.default\">\n\t\t\t\t<div class=\"elementor-widget-container\">\n\t\t\t\t\t<div class=\"elementor-image\">\n\t\t\t\t\t\t\t\t\t\t<img width=\"400\" height=\"257\" src=\"https:\/\/kollektiv-radix.at\/wp-content\/uploads\/2020\/01\/logo-ganz.jpg\" class=\"attachment-full size-full\" alt=\"\" decoding=\"async\" loading=\"lazy\" srcset=\"https:\/\/kollektiv-radix.at\/wp-content\/uploads\/2020\/01\/logo-ganz.jpg 400w, https:\/\/kollektiv-radix.at\/wp-content\/uploads\/2020\/01\/logo-ganz-300x193.jpg 300w\" sizes=\"(max-width: 400px) 100vw, 400px\" \/>\t\t\t\t\t\t\t\t\t\t\t<\/div>\n\t\t\t\t<\/div>\n\t\t\t\t<\/div>\n\t\t\t\t\t\t<\/div>\n\t\t\t\t\t<\/div>\n\t\t<\/div>\n\t\t\t\t<div class=\"elementor-column elementor-col-33 elementor-top-column elementor-element elementor-element-21e12df\" data-id=\"21e12df\" data-element_type=\"column\">\n\t\t\t<div class=\"elementor-column-wrap elementor-element-populated\">\n\t\t\t\t\t\t\t<div class=\"elementor-widget-wrap\">\n\t\t\t\t\t\t<div class=\"elementor-element elementor-element-0cb1c9e elementor-widget__width-initial elementor-absolute elementor-widget elementor-widget-image\" data-id=\"0cb1c9e\" data-element_type=\"widget\" data-settings=\"{&quot;_position&quot;:&quot;absolute&quot;}\" data-widget_type=\"image.default\">\n\t\t\t\t<div class=\"elementor-widget-container\">\n\t\t\t\t\t<div class=\"elementor-image\">\n\t\t\t\t\t\t\t\t\t\t<img width=\"1024\" height=\"262\" src=\"https:\/\/kollektiv-radix.at\/wp-content\/uploads\/2023\/09\/oeh_logosubline_blue_rgb_oest-hochschueler_innenschaft-1024x262.png\" class=\"attachment-large size-large\" alt=\"\" decoding=\"async\" loading=\"lazy\" srcset=\"https:\/\/kollektiv-radix.at\/wp-content\/uploads\/2023\/09\/oeh_logosubline_blue_rgb_oest-hochschueler_innenschaft-1024x262.png 1024w, https:\/\/kollektiv-radix.at\/wp-content\/uploads\/2023\/09\/oeh_logosubline_blue_rgb_oest-hochschueler_innenschaft-300x77.png 300w, https:\/\/kollektiv-radix.at\/wp-content\/uploads\/2023\/09\/oeh_logosubline_blue_rgb_oest-hochschueler_innenschaft-768x197.png 768w, https:\/\/kollektiv-radix.at\/wp-content\/uploads\/2023\/09\/oeh_logosubline_blue_rgb_oest-hochschueler_innenschaft-1536x394.png 1536w, https:\/\/kollektiv-radix.at\/wp-content\/uploads\/2023\/09\/oeh_logosubline_blue_rgb_oest-hochschueler_innenschaft-2048x525.png 2048w, https:\/\/kollektiv-radix.at\/wp-content\/uploads\/2023\/09\/oeh_logosubline_blue_rgb_oest-hochschueler_innenschaft-800x205.png 800w\" sizes=\"(max-width: 1024px) 100vw, 1024px\" \/>\t\t\t\t\t\t\t\t\t\t\t<\/div>\n\t\t\t\t<\/div>\n\t\t\t\t<\/div>\n\t\t\t\t\t\t<\/div>\n\t\t\t\t\t<\/div>\n\t\t<\/div>\n\t\t\t\t<div class=\"elementor-column elementor-col-33 elementor-top-column elementor-element elementor-element-fd4089c\" data-id=\"fd4089c\" data-element_type=\"column\">\n\t\t\t<div class=\"elementor-column-wrap elementor-element-populated\">\n\t\t\t\t\t\t\t<div class=\"elementor-widget-wrap\">\n\t\t\t\t\t\t<div class=\"elementor-element elementor-element-f129394 elementor-widget__width-initial elementor-absolute elementor-widget elementor-widget-image\" data-id=\"f129394\" data-element_type=\"widget\" data-settings=\"{&quot;_position&quot;:&quot;absolute&quot;}\" data-widget_type=\"image.default\">\n\t\t\t\t<div class=\"elementor-widget-container\">\n\t\t\t\t\t<div class=\"elementor-image\">\n\t\t\t\t\t\t\t\t\t\t<img width=\"338\" height=\"94\" src=\"https:\/\/kollektiv-radix.at\/wp-content\/uploads\/2022\/04\/logo_oegpb.jpg\" class=\"attachment-large size-large\" alt=\"\" decoding=\"async\" loading=\"lazy\" srcset=\"https:\/\/kollektiv-radix.at\/wp-content\/uploads\/2022\/04\/logo_oegpb.jpg 338w, https:\/\/kollektiv-radix.at\/wp-content\/uploads\/2022\/04\/logo_oegpb-300x83.jpg 300w\" sizes=\"(max-width: 338px) 100vw, 338px\" \/>\t\t\t\t\t\t\t\t\t\t\t<\/div>\n\t\t\t\t<\/div>\n\t\t\t\t<\/div>\n\t\t\t\t\t\t<\/div>\n\t\t\t\t\t<\/div>\n\t\t<\/div>\n\t\t\t\t\t\t\t\t<\/div>\n\t\t\t\t\t<\/div>\n\t\t<\/section>\n\t\t\t\t\t\t<\/div>\n\t\t\t\t\t\t<\/div>\n\t\t\t\t\t<\/div>\n\t\t","protected":false},"excerpt":{"rendered":"<p>Seminar &#8222;Wurzeln im Sturm \u2013 erm\u00e4chtigt in der Vielfachkrise&#8220; 18. &#8211; 22. Juni 2025 in Klosterneuburg (bei Wien)-&gt; Anmeldeschluss 14. Mai &lt;- \u2192 Du bist voller Unruhe, Wut und Angst \u00fcber die sozialen, politischen und \u00f6kologischen Krisen und f\u00fchlst dich darin ohnm\u00e4chtig oder \u00fcberfordert? \u2192 Du m\u00f6chtest aus dieser Isolation rauskommen und die Kraft von Gemeinschaft erleben? \u2192 Der Alltag<\/p>\n<p><a class=\"more-link\" href=\"https:\/\/kollektiv-radix.at\/index.php\/wurzelnimsturm25\/\">Weiterlesen<\/a><\/p>\n","protected":false},"author":4,"featured_media":0,"parent":0,"menu_order":0,"comment_status":"closed","ping_status":"closed","template":"","meta":[],"yoast_head":"<!-- This site is optimized with the Yoast SEO plugin v15.3 - https:\/\/yoast.com\/wordpress\/plugins\/seo\/ -->\n<title>Seminar Wurzeln im Sturm Juni 2025 - radix<\/title>\n<meta name=\"robots\" content=\"index, follow, max-snippet:-1, max-image-preview:large, max-video-preview:-1\" \/>\n<link rel=\"canonical\" href=\"https:\/\/kollektiv-radix.at\/index.php\/wurzelnimsturm25\/\" \/>\n<meta property=\"og:locale\" content=\"de_DE\" \/>\n<meta property=\"og:type\" content=\"article\" \/>\n<meta property=\"og:title\" content=\"Seminar Wurzeln im Sturm Juni 2025 - radix\" \/>\n<meta property=\"og:description\" content=\"Seminar &#8222;Wurzeln im Sturm \u2013 erm\u00e4chtigt in der Vielfachkrise&#8220; 18. &#8211; 22. Juni 2025 in Klosterneuburg (bei Wien)-&gt; Anmeldeschluss 14. Mai &lt;- \u2192 Du bist voller Unruhe, Wut und Angst \u00fcber die sozialen, politischen und \u00f6kologischen Krisen und f\u00fchlst dich darin ohnm\u00e4chtig oder \u00fcberfordert? \u2192 Du m\u00f6chtest aus dieser Isolation rauskommen und die Kraft von Gemeinschaft erleben? \u2192 Der AlltagWeiterlesen\" \/>\n<meta property=\"og:url\" content=\"https:\/\/kollektiv-radix.at\/index.php\/wurzelnimsturm25\/\" \/>\n<meta property=\"og:site_name\" content=\"radix\" \/>\n<meta property=\"article:modified_time\" content=\"2025-04-30T12:34:53+00:00\" \/>\n<meta property=\"og:image\" content=\"https:\/\/kollektiv-radix.at\/wp-content\/uploads\/elementor\/thumbs\/1-r2cxslnr8elqim7xglpkb3bvd9j97t2vlrmsr2vzj4.png\" \/>\n<meta name=\"twitter:card\" content=\"summary_large_image\" \/>\n<meta name=\"twitter:label1\" content=\"Verfasst von\">\n\t<meta name=\"twitter:data1\" content=\"Sven\">\n\t<meta name=\"twitter:label2\" content=\"Gesch\u00e4tzte Lesezeit\">\n\t<meta name=\"twitter:data2\" content=\"4\u00a0Minuten\">\n<script type=\"application\/ld+json\" class=\"yoast-schema-graph\">{\"@context\":\"https:\/\/schema.org\",\"@graph\":[{\"@type\":\"WebSite\",\"@id\":\"https:\/\/kollektiv-radix.at\/#website\",\"url\":\"https:\/\/kollektiv-radix.at\/\",\"name\":\"radix\",\"description\":\"Kollektiv f\\u00fcr transformative Bildung\",\"potentialAction\":[{\"@type\":\"SearchAction\",\"target\":\"https:\/\/kollektiv-radix.at\/?s={search_term_string}\",\"query-input\":\"required name=search_term_string\"}],\"inLanguage\":\"de\"},{\"@type\":\"ImageObject\",\"@id\":\"https:\/\/kollektiv-radix.at\/index.php\/wurzelnimsturm25\/#primaryimage\",\"inLanguage\":\"de\",\"url\":\"https:\/\/kollektiv-radix.at\/wp-content\/uploads\/elementor\/thumbs\/1-r2cxslnr8elqim7xglpkb3bvd9j97t2vlrmsr2vzj4.png\"},{\"@type\":\"WebPage\",\"@id\":\"https:\/\/kollektiv-radix.at\/index.php\/wurzelnimsturm25\/#webpage\",\"url\":\"https:\/\/kollektiv-radix.at\/index.php\/wurzelnimsturm25\/\",\"name\":\"Seminar Wurzeln im Sturm Juni 2025 - radix\",\"isPartOf\":{\"@id\":\"https:\/\/kollektiv-radix.at\/#website\"},\"primaryImageOfPage\":{\"@id\":\"https:\/\/kollektiv-radix.at\/index.php\/wurzelnimsturm25\/#primaryimage\"},\"datePublished\":\"2025-02-06T13:38:48+00:00\",\"dateModified\":\"2025-04-30T12:34:53+00:00\",\"inLanguage\":\"de\",\"potentialAction\":[{\"@type\":\"ReadAction\",\"target\":[\"https:\/\/kollektiv-radix.at\/index.php\/wurzelnimsturm25\/\"]}]}]}<\/script>\n<!-- \/ Yoast SEO plugin. -->","_links":{"self":[{"href":"https:\/\/kollektiv-radix.at\/index.php\/wp-json\/wp\/v2\/pages\/1413"}],"collection":[{"href":"https:\/\/kollektiv-radix.at\/index.php\/wp-json\/wp\/v2\/pages"}],"about":[{"href":"https:\/\/kollektiv-radix.at\/index.php\/wp-json\/wp\/v2\/types\/page"}],"author":[{"embeddable":true,"href":"https:\/\/kollektiv-radix.at\/index.php\/wp-json\/wp\/v2\/users\/4"}],"replies":[{"embeddable":true,"href":"https:\/\/kollektiv-radix.at\/index.php\/wp-json\/wp\/v2\/comments?post=1413"}],"version-history":[{"count":80,"href":"https:\/\/kollektiv-radix.at\/index.php\/wp-json\/wp\/v2\/pages\/1413\/revisions"}],"predecessor-version":[{"id":1514,"href":"https:\/\/kollektiv-radix.at\/index.php\/wp-json\/wp\/v2\/pages\/1413\/revisions\/1514"}],"wp:attachment":[{"href":"https:\/\/kollektiv-radix.at\/index.php\/wp-json\/wp\/v2\/media?parent=1413"}],"curies":[{"name":"wp","href":"https:\/\/api.w.org\/{rel}","templated":true}]}}