{"id":242,"date":"2020-11-24T10:56:45","date_gmt":"2020-11-24T10:56:45","guid":{"rendered":"https:\/\/kollektiv-radix.at\/?page_id=242"},"modified":"2024-01-15T13:24:04","modified_gmt":"2024-01-15T13:24:04","slug":"wiewirarbeiten","status":"publish","type":"page","link":"https:\/\/kollektiv-radix.at\/index.php\/wiewirarbeiten\/","title":{"rendered":"Wie wir arbeiten"},"content":{"rendered":"\t\t<div data-elementor-type=\"wp-page\" data-elementor-id=\"242\" class=\"elementor elementor-242\" data-elementor-settings=\"[]\">\n\t\t\t\t\t\t<div class=\"elementor-inner\">\n\t\t\t\t\t\t\t<div class=\"elementor-section-wrap\">\n\t\t\t\t\t\t\t<section class=\"elementor-section elementor-top-section elementor-element elementor-element-46da0fc elementor-section-boxed elementor-section-height-default elementor-section-height-default\" data-id=\"46da0fc\" data-element_type=\"section\">\n\t\t\t\t\t\t<div class=\"elementor-container elementor-column-gap-default\">\n\t\t\t\t\t\t\t<div class=\"elementor-row\">\n\t\t\t\t\t<div class=\"elementor-column elementor-col-100 elementor-top-column elementor-element elementor-element-72ca9f1\" data-id=\"72ca9f1\" data-element_type=\"column\">\n\t\t\t<div class=\"elementor-column-wrap elementor-element-populated\">\n\t\t\t\t\t\t\t<div class=\"elementor-widget-wrap\">\n\t\t\t\t\t\t<div class=\"elementor-element elementor-element-48dc13a elementor-widget elementor-widget-text-editor\" data-id=\"48dc13a\" data-element_type=\"widget\" data-widget_type=\"text-editor.default\">\n\t\t\t\t<div class=\"elementor-widget-container\">\n\t\t\t\t\t<div class=\"elementor-text-editor elementor-clearfix\"><p>Transformative Bildung hei\u00dft f\u00fcr uns die eigenen <b>Inhalte, Methoden und Haltungen<\/b> immer wieder an folgenden Grunds\u00e4tzen auszurichten:<\/p><\/div>\n\t\t\t\t<\/div>\n\t\t\t\t<\/div>\n\t\t\t\t\t\t<\/div>\n\t\t\t\t\t<\/div>\n\t\t<\/div>\n\t\t\t\t\t\t\t\t<\/div>\n\t\t\t\t\t<\/div>\n\t\t<\/section>\n\t\t\t\t<section class=\"elementor-section elementor-top-section elementor-element elementor-element-10ff3991 elementor-section-boxed elementor-section-height-default elementor-section-height-default\" data-id=\"10ff3991\" data-element_type=\"section\">\n\t\t\t\t\t\t<div class=\"elementor-container elementor-column-gap-default\">\n\t\t\t\t\t\t\t<div class=\"elementor-row\">\n\t\t\t\t\t<div class=\"elementor-column elementor-col-33 elementor-top-column elementor-element elementor-element-2fe2f7cd\" data-id=\"2fe2f7cd\" data-element_type=\"column\">\n\t\t\t<div class=\"elementor-column-wrap elementor-element-populated\">\n\t\t\t\t\t\t\t<div class=\"elementor-widget-wrap\">\n\t\t\t\t\t\t<div class=\"elementor-element elementor-element-2c21f645 elementor-view-default elementor-widget elementor-widget-icon\" data-id=\"2c21f645\" data-element_type=\"widget\" data-widget_type=\"icon.default\">\n\t\t\t\t<div class=\"elementor-widget-container\">\n\t\t\t\t\t<div class=\"elementor-icon-wrapper\">\n\t\t\t<div class=\"elementor-icon\">\n\t\t\t<i aria-hidden=\"true\" class=\"fas fa-fist-raised\"><\/i>\t\t\t<\/div>\n\t\t<\/div>\n\t\t\t\t<\/div>\n\t\t\t\t<\/div>\n\t\t\t\t\t\t<\/div>\n\t\t\t\t\t<\/div>\n\t\t<\/div>\n\t\t\t\t<div class=\"elementor-column elementor-col-66 elementor-top-column elementor-element elementor-element-5ec42a6\" data-id=\"5ec42a6\" data-element_type=\"column\">\n\t\t\t<div class=\"elementor-column-wrap elementor-element-populated\">\n\t\t\t\t\t\t\t<div class=\"elementor-widget-wrap\">\n\t\t\t\t\t\t<div class=\"elementor-element elementor-element-42dddaa elementor-widget elementor-widget-toggle\" data-id=\"42dddaa\" data-element_type=\"widget\" data-widget_type=\"toggle.default\">\n\t\t\t\t<div class=\"elementor-widget-container\">\n\t\t\t\t\t<div class=\"elementor-toggle\" role=\"tablist\">\n\t\t\t\t\t\t\t<div class=\"elementor-toggle-item\">\n\t\t\t\t\t<div id=\"elementor-tab-title-7011\" class=\"elementor-tab-title\" data-tab=\"1\" role=\"tab\" aria-controls=\"elementor-tab-content-7011\">\n\t\t\t\t\t\t\t\t\t\t\t\t<a href=\"\" class=\"elementor-toggle-title\">machtkritisch<\/a>\n\t\t\t\t\t<\/div>\n\t\t\t\t\t<div id=\"elementor-tab-content-7011\" class=\"elementor-tab-content elementor-clearfix\" data-tab=\"1\" role=\"tabpanel\" aria-labelledby=\"elementor-tab-title-7011\"><p>Unsere Bildungsr\u00e4ume m\u00f6chten wir auf eine machtkritische und diskriminierungssensible Grundlage stellen. Lernen soll nicht auf Kosten Einzelner im Raum geschehen. Wir positionieren uns in der Leitung klar und Betroffenen-orientiert zu diskriminierendem Verhalten. Wenn uns dies misslingt, \u00fcbernehmen wir Verantwortung daf\u00fcr. Wir hinterfragen die Hierarchie zwischen \u201cLehrenden\u201d und \u201cLernenden\u201d. Wir sehen Machtverh\u00e4ltnisse und Unterdr\u00fcckungen als zentrale Themen, auf dessen Ausgangslage wir unsere Bildungsangebote ausrichten.<\/p><p>\u00a0<\/p><\/div>\n\t\t\t\t<\/div>\n\t\t\t\t\t<\/div>\n\t\t\t\t<\/div>\n\t\t\t\t<\/div>\n\t\t\t\t\t\t<\/div>\n\t\t\t\t\t<\/div>\n\t\t<\/div>\n\t\t\t\t\t\t\t\t<\/div>\n\t\t\t\t\t<\/div>\n\t\t<\/section>\n\t\t\t\t<section class=\"elementor-section elementor-top-section elementor-element elementor-element-1618dd3 elementor-section-boxed elementor-section-height-default elementor-section-height-default\" data-id=\"1618dd3\" data-element_type=\"section\">\n\t\t\t\t\t\t<div class=\"elementor-container elementor-column-gap-default\">\n\t\t\t\t\t\t\t<div class=\"elementor-row\">\n\t\t\t\t\t<div class=\"elementor-column elementor-col-33 elementor-top-column elementor-element elementor-element-b932fa4\" data-id=\"b932fa4\" data-element_type=\"column\">\n\t\t\t<div class=\"elementor-column-wrap elementor-element-populated\">\n\t\t\t\t\t\t\t<div class=\"elementor-widget-wrap\">\n\t\t\t\t\t\t<div class=\"elementor-element elementor-element-e9b43e3 elementor-view-default elementor-widget elementor-widget-icon\" data-id=\"e9b43e3\" data-element_type=\"widget\" data-widget_type=\"icon.default\">\n\t\t\t\t<div class=\"elementor-widget-container\">\n\t\t\t\t\t<div class=\"elementor-icon-wrapper\">\n\t\t\t<div class=\"elementor-icon\">\n\t\t\t<i aria-hidden=\"true\" class=\"fab fa-connectdevelop\"><\/i>\t\t\t<\/div>\n\t\t<\/div>\n\t\t\t\t<\/div>\n\t\t\t\t<\/div>\n\t\t\t\t\t\t<\/div>\n\t\t\t\t\t<\/div>\n\t\t<\/div>\n\t\t\t\t<div class=\"elementor-column elementor-col-66 elementor-top-column elementor-element elementor-element-afb2dca\" data-id=\"afb2dca\" data-element_type=\"column\">\n\t\t\t<div class=\"elementor-column-wrap elementor-element-populated\">\n\t\t\t\t\t\t\t<div class=\"elementor-widget-wrap\">\n\t\t\t\t\t\t<div class=\"elementor-element elementor-element-89b7d3f elementor-widget elementor-widget-toggle\" data-id=\"89b7d3f\" data-element_type=\"widget\" data-widget_type=\"toggle.default\">\n\t\t\t\t<div class=\"elementor-widget-container\">\n\t\t\t\t\t<div class=\"elementor-toggle\" role=\"tablist\">\n\t\t\t\t\t\t\t<div class=\"elementor-toggle-item\">\n\t\t\t\t\t<div id=\"elementor-tab-title-1441\" class=\"elementor-tab-title\" data-tab=\"1\" role=\"tab\" aria-controls=\"elementor-tab-content-1441\">\n\t\t\t\t\t\t\t\t\t\t\t\t<a href=\"\" class=\"elementor-toggle-title\">verbindend<\/a>\n\t\t\t\t\t<\/div>\n\t\t\t\t\t<div id=\"elementor-tab-content-1441\" class=\"elementor-tab-content elementor-clearfix\" data-tab=\"1\" role=\"tabpanel\" aria-labelledby=\"elementor-tab-title-1441\"><p>Wir m\u00f6chten Verbindungen herstellen zwischen pers\u00f6nlichen Prozessen und gesellschaftlichen Krisen, Strukturen und Systemen. Tiefgreifende Ver\u00e4nderungen passieren im Innen- und Au\u00dfenleben, im Kontakt zwischen Menschen und beim Einmischen in die Gesellschaft. <br \/>Denn das Private ist politisch.<br \/>Auch statt k\u00fcnstlicher Trennung zwischen &#8222;Mensch und Natur&#8220;\u00a0 wollen wir verstehen, wie Menschen Teil von \u00d6kosystemen sind, auf sie einwirken und beeinflusst werden.<\/p><\/div>\n\t\t\t\t<\/div>\n\t\t\t\t\t<\/div>\n\t\t\t\t<\/div>\n\t\t\t\t<\/div>\n\t\t\t\t\t\t<\/div>\n\t\t\t\t\t<\/div>\n\t\t<\/div>\n\t\t\t\t\t\t\t\t<\/div>\n\t\t\t\t\t<\/div>\n\t\t<\/section>\n\t\t\t\t<section class=\"elementor-section elementor-top-section elementor-element elementor-element-3f727e46 elementor-section-boxed elementor-section-height-default elementor-section-height-default\" data-id=\"3f727e46\" data-element_type=\"section\">\n\t\t\t\t\t\t<div class=\"elementor-container elementor-column-gap-default\">\n\t\t\t\t\t\t\t<div class=\"elementor-row\">\n\t\t\t\t\t<div class=\"elementor-column elementor-col-33 elementor-top-column elementor-element elementor-element-3f35a8f3\" data-id=\"3f35a8f3\" data-element_type=\"column\">\n\t\t\t<div class=\"elementor-column-wrap elementor-element-populated\">\n\t\t\t\t\t\t\t<div class=\"elementor-widget-wrap\">\n\t\t\t\t\t\t<div class=\"elementor-element elementor-element-7624443 elementor-view-default elementor-widget elementor-widget-icon\" data-id=\"7624443\" data-element_type=\"widget\" data-widget_type=\"icon.default\">\n\t\t\t\t<div class=\"elementor-widget-container\">\n\t\t\t\t\t<div class=\"elementor-icon-wrapper\">\n\t\t\t<div class=\"elementor-icon\">\n\t\t\t<i aria-hidden=\"true\" class=\"fas fa-people-carry\"><\/i>\t\t\t<\/div>\n\t\t<\/div>\n\t\t\t\t<\/div>\n\t\t\t\t<\/div>\n\t\t\t\t\t\t<\/div>\n\t\t\t\t\t<\/div>\n\t\t<\/div>\n\t\t\t\t<div class=\"elementor-column elementor-col-66 elementor-top-column elementor-element elementor-element-62ae74bb\" data-id=\"62ae74bb\" data-element_type=\"column\">\n\t\t\t<div class=\"elementor-column-wrap elementor-element-populated\">\n\t\t\t\t\t\t\t<div class=\"elementor-widget-wrap\">\n\t\t\t\t\t\t<div class=\"elementor-element elementor-element-4f4169e6 elementor-widget elementor-widget-toggle\" data-id=\"4f4169e6\" data-element_type=\"widget\" data-widget_type=\"toggle.default\">\n\t\t\t\t<div class=\"elementor-widget-container\">\n\t\t\t\t\t<div class=\"elementor-toggle\" role=\"tablist\">\n\t\t\t\t\t\t\t<div class=\"elementor-toggle-item\">\n\t\t\t\t\t<div id=\"elementor-tab-title-1321\" class=\"elementor-tab-title\" data-tab=\"1\" role=\"tab\" aria-controls=\"elementor-tab-content-1321\">\n\t\t\t\t\t\t\t\t\t\t\t\t<a href=\"\" class=\"elementor-toggle-title\">transparent & freiwillig<\/a>\n\t\t\t\t\t<\/div>\n\t\t\t\t\t<div id=\"elementor-tab-content-1321\" class=\"elementor-tab-content elementor-clearfix\" data-tab=\"1\" role=\"tabpanel\" aria-labelledby=\"elementor-tab-title-1321\"><p>Wir laden in unseren Workshops dazu ein, sich auf unterschiedliche kritische Perspektiven, Impulse und Methoden einzulassen. Wir wollen transparent mit unseren politischen Vorannahmen sein und ermuntern Menschen dazu, sich nicht \u00fcberzeugen zu lassen und dadurch eigene Positionen und Haltungen zu entwickeln. Wir achten die Grenzen der Einzelpersonen und unsere Angebote verstehen wir als freiwillig.<\/p><\/div>\n\t\t\t\t<\/div>\n\t\t\t\t\t<\/div>\n\t\t\t\t<\/div>\n\t\t\t\t<\/div>\n\t\t\t\t\t\t<\/div>\n\t\t\t\t\t<\/div>\n\t\t<\/div>\n\t\t\t\t\t\t\t\t<\/div>\n\t\t\t\t\t<\/div>\n\t\t<\/section>\n\t\t\t\t<section class=\"elementor-section elementor-top-section elementor-element elementor-element-530c9893 elementor-section-boxed elementor-section-height-default elementor-section-height-default\" data-id=\"530c9893\" data-element_type=\"section\">\n\t\t\t\t\t\t<div class=\"elementor-container elementor-column-gap-default\">\n\t\t\t\t\t\t\t<div class=\"elementor-row\">\n\t\t\t\t\t<div class=\"elementor-column elementor-col-33 elementor-top-column elementor-element elementor-element-17978b38\" data-id=\"17978b38\" data-element_type=\"column\">\n\t\t\t<div class=\"elementor-column-wrap elementor-element-populated\">\n\t\t\t\t\t\t\t<div class=\"elementor-widget-wrap\">\n\t\t\t\t\t\t<div class=\"elementor-element elementor-element-c2cdcae elementor-view-default elementor-widget elementor-widget-icon\" data-id=\"c2cdcae\" data-element_type=\"widget\" data-widget_type=\"icon.default\">\n\t\t\t\t<div class=\"elementor-widget-container\">\n\t\t\t\t\t<div class=\"elementor-icon-wrapper\">\n\t\t\t<div class=\"elementor-icon\">\n\t\t\t<i aria-hidden=\"true\" class=\"fas fa-hand-holding-heart\"><\/i>\t\t\t<\/div>\n\t\t<\/div>\n\t\t\t\t<\/div>\n\t\t\t\t<\/div>\n\t\t\t\t\t\t<\/div>\n\t\t\t\t\t<\/div>\n\t\t<\/div>\n\t\t\t\t<div class=\"elementor-column elementor-col-66 elementor-top-column elementor-element elementor-element-53518d2b\" data-id=\"53518d2b\" data-element_type=\"column\">\n\t\t\t<div class=\"elementor-column-wrap elementor-element-populated\">\n\t\t\t\t\t\t\t<div class=\"elementor-widget-wrap\">\n\t\t\t\t\t\t<div class=\"elementor-element elementor-element-19296c41 elementor-widget elementor-widget-toggle\" data-id=\"19296c41\" data-element_type=\"widget\" data-widget_type=\"toggle.default\">\n\t\t\t\t<div class=\"elementor-widget-container\">\n\t\t\t\t\t<div class=\"elementor-toggle\" role=\"tablist\">\n\t\t\t\t\t\t\t<div class=\"elementor-toggle-item\">\n\t\t\t\t\t<div id=\"elementor-tab-title-4221\" class=\"elementor-tab-title\" data-tab=\"1\" role=\"tab\" aria-controls=\"elementor-tab-content-4221\">\n\t\t\t\t\t\t\t\t\t\t\t\t<a href=\"\" class=\"elementor-toggle-title\">ganzheitlich<\/a>\n\t\t\t\t\t<\/div>\n\t\t\t\t\t<div id=\"elementor-tab-content-4221\" class=\"elementor-tab-content elementor-clearfix\" data-tab=\"1\" role=\"tabpanel\" aria-labelledby=\"elementor-tab-title-4221\"><p>Wir m\u00f6chten sichere und lernfreudige R\u00e4ume f\u00fcr intensive Auseinandersetzung mit unbequemen Themen schaffen. R\u00e4ume, in denen wir als ganze Menschen da sein k\u00f6nnen. \u00dcber Transformation zu sprechen hei\u00dft, sowohl Missst\u00e4nde und Verantwortung, wie auch Bed\u00fcrfnisse und Tr\u00e4ume in den Blick zu nehmen. Das sind Themen, die uns emotional und k\u00f6rperlich ansprechen, und das je nach unseren Erfahrungen auf unterschiedliche Weise. Unsere Methoden bieten deshalb Platz f\u00fcr Kopf, Herz und Hand. Wir sind keine ausgebildeten Anti-Diskriminierungs- und Trauma-P\u00e4dagog*innen, bringen jedoch ein Bewusstsein daf\u00fcr mit und bilden uns fort.<\/p><\/div>\n\t\t\t\t<\/div>\n\t\t\t\t\t<\/div>\n\t\t\t\t<\/div>\n\t\t\t\t<\/div>\n\t\t\t\t\t\t<\/div>\n\t\t\t\t\t<\/div>\n\t\t<\/div>\n\t\t\t\t\t\t\t\t<\/div>\n\t\t\t\t\t<\/div>\n\t\t<\/section>\n\t\t\t\t<section class=\"elementor-section elementor-top-section elementor-element elementor-element-3bfddbb9 elementor-section-boxed elementor-section-height-default elementor-section-height-default\" data-id=\"3bfddbb9\" data-element_type=\"section\">\n\t\t\t\t\t\t<div class=\"elementor-container elementor-column-gap-default\">\n\t\t\t\t\t\t\t<div class=\"elementor-row\">\n\t\t\t\t\t<div class=\"elementor-column elementor-col-33 elementor-top-column elementor-element elementor-element-1041b8db\" data-id=\"1041b8db\" data-element_type=\"column\">\n\t\t\t<div class=\"elementor-column-wrap elementor-element-populated\">\n\t\t\t\t\t\t\t<div class=\"elementor-widget-wrap\">\n\t\t\t\t\t\t<div class=\"elementor-element elementor-element-6f12cd8e elementor-view-default elementor-widget elementor-widget-icon\" data-id=\"6f12cd8e\" data-element_type=\"widget\" data-widget_type=\"icon.default\">\n\t\t\t\t<div class=\"elementor-widget-container\">\n\t\t\t\t\t<div class=\"elementor-icon-wrapper\">\n\t\t\t<div class=\"elementor-icon\">\n\t\t\t<i aria-hidden=\"true\" class=\"fas fa-recycle\"><\/i>\t\t\t<\/div>\n\t\t<\/div>\n\t\t\t\t<\/div>\n\t\t\t\t<\/div>\n\t\t\t\t\t\t<\/div>\n\t\t\t\t\t<\/div>\n\t\t<\/div>\n\t\t\t\t<div class=\"elementor-column elementor-col-66 elementor-top-column elementor-element elementor-element-288c78f\" data-id=\"288c78f\" data-element_type=\"column\">\n\t\t\t<div class=\"elementor-column-wrap elementor-element-populated\">\n\t\t\t\t\t\t\t<div class=\"elementor-widget-wrap\">\n\t\t\t\t\t\t<div class=\"elementor-element elementor-element-140470df elementor-widget elementor-widget-toggle\" data-id=\"140470df\" data-element_type=\"widget\" data-widget_type=\"toggle.default\">\n\t\t\t\t<div class=\"elementor-widget-container\">\n\t\t\t\t\t<div class=\"elementor-toggle\" role=\"tablist\">\n\t\t\t\t\t\t\t<div class=\"elementor-toggle-item\">\n\t\t\t\t\t<div id=\"elementor-tab-title-3351\" class=\"elementor-tab-title\" data-tab=\"1\" role=\"tab\" aria-controls=\"elementor-tab-content-3351\">\n\t\t\t\t\t\t\t\t\t\t\t\t<a href=\"\" class=\"elementor-toggle-title\">komplexit\u00e4tsbewusst<\/a>\n\t\t\t\t\t<\/div>\n\t\t\t\t\t<div id=\"elementor-tab-content-3351\" class=\"elementor-tab-content elementor-clearfix\" data-tab=\"1\" role=\"tabpanel\" aria-labelledby=\"elementor-tab-title-3351\"><p>Transformative Bildung ist ein st\u00e4ndiger Balanceakt, komplex und manchmal widerspr\u00fcchlich. Wir wollen keine \u201ceinfachen\u201d oder \u201crichtigen\u201d L\u00f6sungen pr\u00e4sentieren, sondern wir wollen Fragen aufwerfen und einen langfristigen Suchprozess initiieren, in den wir immer auch selbst mit einbezogen sind. Wir haben das Bild einer <b>seiltanzenden Perso<i>n<\/i><\/b> in unser Logo aufgenommen, weil wir Widerspr\u00fcchen und Unklarheiten offen begegnen und immer wieder neu ausbalancieren wollen. Als Individuen, im Kollektiv und gemeinsam mit den Teilnehmenden unserer Bildungsangebote.<br><\/p><\/div>\n\t\t\t\t<\/div>\n\t\t\t\t\t<\/div>\n\t\t\t\t<\/div>\n\t\t\t\t<\/div>\n\t\t\t\t\t\t<\/div>\n\t\t\t\t\t<\/div>\n\t\t<\/div>\n\t\t\t\t\t\t\t\t<\/div>\n\t\t\t\t\t<\/div>\n\t\t<\/section>\n\t\t\t\t<section class=\"elementor-section elementor-top-section elementor-element elementor-element-362842a elementor-section-boxed elementor-section-height-default elementor-section-height-default\" data-id=\"362842a\" data-element_type=\"section\">\n\t\t\t\t\t\t<div class=\"elementor-container elementor-column-gap-default\">\n\t\t\t\t\t\t\t<div class=\"elementor-row\">\n\t\t\t\t\t<div class=\"elementor-column elementor-col-100 elementor-top-column elementor-element elementor-element-e643347\" data-id=\"e643347\" data-element_type=\"column\">\n\t\t\t<div class=\"elementor-column-wrap elementor-element-populated\">\n\t\t\t\t\t\t\t<div class=\"elementor-widget-wrap\">\n\t\t\t\t\t\t<div class=\"elementor-element elementor-element-7b66c38 elementor-widget elementor-widget-spacer\" data-id=\"7b66c38\" data-element_type=\"widget\" data-widget_type=\"spacer.default\">\n\t\t\t\t<div class=\"elementor-widget-container\">\n\t\t\t\t\t<div class=\"elementor-spacer\">\n\t\t\t<div class=\"elementor-spacer-inner\"><\/div>\n\t\t<\/div>\n\t\t\t\t<\/div>\n\t\t\t\t<\/div>\n\t\t\t\t\t\t<\/div>\n\t\t\t\t\t<\/div>\n\t\t<\/div>\n\t\t\t\t\t\t\t\t<\/div>\n\t\t\t\t\t<\/div>\n\t\t<\/section>\n\t\t\t\t\t\t<\/div>\n\t\t\t\t\t\t<\/div>\n\t\t\t\t\t<\/div>\n\t\t","protected":false},"excerpt":{"rendered":"<p>Transformative Bildung hei\u00dft f\u00fcr uns die eigenen Inhalte, Methoden und Haltungen immer wieder an folgenden Grunds\u00e4tzen auszurichten: machtkritisch Unsere Bildungsr\u00e4ume m\u00f6chten wir auf eine machtkritische und diskriminierungssensible Grundlage stellen. Lernen soll nicht auf Kosten Einzelner im Raum geschehen. Wir positionieren uns in der Leitung klar und Betroffenen-orientiert zu diskriminierendem Verhalten. Wenn uns dies misslingt, \u00fcbernehmen wir Verantwortung daf\u00fcr. Wir hinterfragen<\/p>\n<p><a class=\"more-link\" href=\"https:\/\/kollektiv-radix.at\/index.php\/wiewirarbeiten\/\">Weiterlesen<\/a><\/p>\n","protected":false},"author":4,"featured_media":0,"parent":0,"menu_order":0,"comment_status":"closed","ping_status":"closed","template":"","meta":[],"yoast_head":"<!-- This site is optimized with the Yoast SEO plugin v15.3 - https:\/\/yoast.com\/wordpress\/plugins\/seo\/ -->\n<title>Wie wir arbeiten - radix<\/title>\n<meta name=\"robots\" content=\"index, follow, max-snippet:-1, max-image-preview:large, max-video-preview:-1\" \/>\n<link rel=\"canonical\" href=\"https:\/\/kollektiv-radix.at\/index.php\/wiewirarbeiten\/\" \/>\n<meta property=\"og:locale\" content=\"de_DE\" \/>\n<meta property=\"og:type\" content=\"article\" \/>\n<meta property=\"og:title\" content=\"Wie wir arbeiten - radix\" \/>\n<meta property=\"og:description\" content=\"Transformative Bildung hei\u00dft f\u00fcr uns die eigenen Inhalte, Methoden und Haltungen immer wieder an folgenden Grunds\u00e4tzen auszurichten: machtkritisch Unsere Bildungsr\u00e4ume m\u00f6chten wir auf eine machtkritische und diskriminierungssensible Grundlage stellen. Lernen soll nicht auf Kosten Einzelner im Raum geschehen. Wir positionieren uns in der Leitung klar und Betroffenen-orientiert zu diskriminierendem Verhalten. Wenn uns dies misslingt, \u00fcbernehmen wir Verantwortung daf\u00fcr. Wir hinterfragenWeiterlesen\" \/>\n<meta property=\"og:url\" content=\"https:\/\/kollektiv-radix.at\/index.php\/wiewirarbeiten\/\" \/>\n<meta property=\"og:site_name\" content=\"radix\" \/>\n<meta property=\"article:modified_time\" content=\"2024-01-15T13:24:04+00:00\" \/>\n<meta name=\"twitter:card\" content=\"summary_large_image\" \/>\n<meta name=\"twitter:label1\" content=\"Verfasst von\">\n\t<meta name=\"twitter:data1\" content=\"Sven\">\n\t<meta name=\"twitter:label2\" content=\"Gesch\u00e4tzte Lesezeit\">\n\t<meta name=\"twitter:data2\" content=\"2\u00a0Minuten\">\n<script type=\"application\/ld+json\" class=\"yoast-schema-graph\">{\"@context\":\"https:\/\/schema.org\",\"@graph\":[{\"@type\":\"WebSite\",\"@id\":\"https:\/\/kollektiv-radix.at\/#website\",\"url\":\"https:\/\/kollektiv-radix.at\/\",\"name\":\"radix\",\"description\":\"Kollektiv f\\u00fcr transformative Bildung\",\"potentialAction\":[{\"@type\":\"SearchAction\",\"target\":\"https:\/\/kollektiv-radix.at\/?s={search_term_string}\",\"query-input\":\"required name=search_term_string\"}],\"inLanguage\":\"de\"},{\"@type\":\"WebPage\",\"@id\":\"https:\/\/kollektiv-radix.at\/index.php\/wiewirarbeiten\/#webpage\",\"url\":\"https:\/\/kollektiv-radix.at\/index.php\/wiewirarbeiten\/\",\"name\":\"Wie wir arbeiten - radix\",\"isPartOf\":{\"@id\":\"https:\/\/kollektiv-radix.at\/#website\"},\"datePublished\":\"2020-11-24T10:56:45+00:00\",\"dateModified\":\"2024-01-15T13:24:04+00:00\",\"inLanguage\":\"de\",\"potentialAction\":[{\"@type\":\"ReadAction\",\"target\":[\"https:\/\/kollektiv-radix.at\/index.php\/wiewirarbeiten\/\"]}]}]}<\/script>\n<!-- \/ Yoast SEO plugin. -->","_links":{"self":[{"href":"https:\/\/kollektiv-radix.at\/index.php\/wp-json\/wp\/v2\/pages\/242"}],"collection":[{"href":"https:\/\/kollektiv-radix.at\/index.php\/wp-json\/wp\/v2\/pages"}],"about":[{"href":"https:\/\/kollektiv-radix.at\/index.php\/wp-json\/wp\/v2\/types\/page"}],"author":[{"embeddable":true,"href":"https:\/\/kollektiv-radix.at\/index.php\/wp-json\/wp\/v2\/users\/4"}],"replies":[{"embeddable":true,"href":"https:\/\/kollektiv-radix.at\/index.php\/wp-json\/wp\/v2\/comments?post=242"}],"version-history":[{"count":76,"href":"https:\/\/kollektiv-radix.at\/index.php\/wp-json\/wp\/v2\/pages\/242\/revisions"}],"predecessor-version":[{"id":1234,"href":"https:\/\/kollektiv-radix.at\/index.php\/wp-json\/wp\/v2\/pages\/242\/revisions\/1234"}],"wp:attachment":[{"href":"https:\/\/kollektiv-radix.at\/index.php\/wp-json\/wp\/v2\/media?parent=242"}],"curies":[{"name":"wp","href":"https:\/\/api.w.org\/{rel}","templated":true}]}}