{"id":708,"date":"2022-03-11T16:36:18","date_gmt":"2022-03-11T16:36:18","guid":{"rendered":"https:\/\/kollektiv-radix.at\/?page_id=708"},"modified":"2022-08-31T11:16:07","modified_gmt":"2022-08-31T11:16:07","slug":"caring4future","status":"publish","type":"page","link":"https:\/\/kollektiv-radix.at\/index.php\/caring4future\/","title":{"rendered":"Projekt &#8222;CAREsilienz&#8220;"},"content":{"rendered":"\t\t<div data-elementor-type=\"wp-page\" data-elementor-id=\"708\" class=\"elementor elementor-708\" data-elementor-settings=\"[]\">\n\t\t\t\t\t\t<div class=\"elementor-inner\">\n\t\t\t\t\t\t\t<div class=\"elementor-section-wrap\">\n\t\t\t\t\t\t\t<section class=\"elementor-section elementor-top-section elementor-element elementor-element-33b16ad elementor-section-boxed elementor-section-height-default elementor-section-height-default\" data-id=\"33b16ad\" data-element_type=\"section\">\n\t\t\t\t\t\t<div class=\"elementor-container elementor-column-gap-default\">\n\t\t\t\t\t\t\t<div class=\"elementor-row\">\n\t\t\t\t\t<div class=\"elementor-column elementor-col-100 elementor-top-column elementor-element elementor-element-c4753e2\" data-id=\"c4753e2\" data-element_type=\"column\">\n\t\t\t<div class=\"elementor-column-wrap elementor-element-populated\">\n\t\t\t\t\t\t\t<div class=\"elementor-widget-wrap\">\n\t\t\t\t\t\t<div class=\"elementor-element elementor-element-fc61563 elementor-widget elementor-widget-heading\" data-id=\"fc61563\" data-element_type=\"widget\" data-widget_type=\"heading.default\">\n\t\t\t\t<div class=\"elementor-widget-container\">\n\t\t\t<h2 class=\"elementor-heading-title elementor-size-default\">Im Projekt \"CAREsilienz - Mit F\u00fcrsorge in eine sozial-\u00f6kologische Zukunft\" haben wir uns 2022 tiefgehend mit der Verbindung von Care, sozial-\u00f6kologischer Transformation  und Widerstandskraft (Resilienz) besch\u00e4ftigt. In Zusammenarbeit mit dem Netzwerk \"Mehr f\u00fcr Care!\"  entstanden die Workshopreihe \"Wer sorgt (sich)?\" und eine Multiplikator*innen-Veranstaltung<\/h2>\t\t<\/div>\n\t\t\t\t<\/div>\n\t\t\t\t\t\t<\/div>\n\t\t\t\t\t<\/div>\n\t\t<\/div>\n\t\t\t\t\t\t\t\t<\/div>\n\t\t\t\t\t<\/div>\n\t\t<\/section>\n\t\t\t\t<section class=\"elementor-section elementor-top-section elementor-element elementor-element-90ec0b5 elementor-section-boxed elementor-section-height-default elementor-section-height-default\" data-id=\"90ec0b5\" data-element_type=\"section\">\n\t\t\t\t\t\t<div class=\"elementor-container elementor-column-gap-default\">\n\t\t\t\t\t\t\t<div class=\"elementor-row\">\n\t\t\t\t\t<div class=\"elementor-column elementor-col-100 elementor-top-column elementor-element elementor-element-30a34ab\" data-id=\"30a34ab\" data-element_type=\"column\">\n\t\t\t<div class=\"elementor-column-wrap elementor-element-populated\">\n\t\t\t\t\t\t\t<div class=\"elementor-widget-wrap\">\n\t\t\t\t\t\t<div class=\"elementor-element elementor-element-841d2b0 elementor-widget elementor-widget-heading\" data-id=\"841d2b0\" data-element_type=\"widget\" data-widget_type=\"heading.default\">\n\t\t\t\t<div class=\"elementor-widget-container\">\n\t\t\t<h2 class=\"elementor-heading-title elementor-size-large\">Workshopreihe \"wer sorgt (sich)?\"<\/h2>\t\t<\/div>\n\t\t\t\t<\/div>\n\t\t\t\t\t\t<\/div>\n\t\t\t\t\t<\/div>\n\t\t<\/div>\n\t\t\t\t\t\t\t\t<\/div>\n\t\t\t\t\t<\/div>\n\t\t<\/section>\n\t\t\t\t<section class=\"elementor-section elementor-top-section elementor-element elementor-element-56e957d elementor-section-boxed elementor-section-height-default elementor-section-height-default\" data-id=\"56e957d\" data-element_type=\"section\">\n\t\t\t\t\t\t<div class=\"elementor-container elementor-column-gap-default\">\n\t\t\t\t\t\t\t<div class=\"elementor-row\">\n\t\t\t\t\t<div class=\"elementor-column elementor-col-50 elementor-top-column elementor-element elementor-element-5eb4fcc\" data-id=\"5eb4fcc\" data-element_type=\"column\">\n\t\t\t<div class=\"elementor-column-wrap elementor-element-populated\">\n\t\t\t\t\t\t\t<div class=\"elementor-widget-wrap\">\n\t\t\t\t\t\t<div class=\"elementor-element elementor-element-db0d523 elementor-widget elementor-widget-image\" data-id=\"db0d523\" data-element_type=\"widget\" data-widget_type=\"image.default\">\n\t\t\t\t<div class=\"elementor-widget-container\">\n\t\t\t\t\t<div class=\"elementor-image\">\n\t\t\t\t\t\t\t\t\t\t<img width=\"1024\" height=\"1024\" src=\"https:\/\/kollektiv-radix.at\/wp-content\/uploads\/2022\/08\/sharepic-workshopreihe-1024x1024.png\" class=\"attachment-large size-large\" alt=\"\" decoding=\"async\" loading=\"lazy\" srcset=\"https:\/\/kollektiv-radix.at\/wp-content\/uploads\/2022\/08\/sharepic-workshopreihe-1024x1024.png 1024w, https:\/\/kollektiv-radix.at\/wp-content\/uploads\/2022\/08\/sharepic-workshopreihe-300x300.png 300w, https:\/\/kollektiv-radix.at\/wp-content\/uploads\/2022\/08\/sharepic-workshopreihe-150x150.png 150w, https:\/\/kollektiv-radix.at\/wp-content\/uploads\/2022\/08\/sharepic-workshopreihe-768x768.png 768w, https:\/\/kollektiv-radix.at\/wp-content\/uploads\/2022\/08\/sharepic-workshopreihe-800x800.png 800w, https:\/\/kollektiv-radix.at\/wp-content\/uploads\/2022\/08\/sharepic-workshopreihe.png 1080w\" sizes=\"(max-width: 1024px) 100vw, 1024px\" \/>\t\t\t\t\t\t\t\t\t\t\t<\/div>\n\t\t\t\t<\/div>\n\t\t\t\t<\/div>\n\t\t\t\t\t\t<\/div>\n\t\t\t\t\t<\/div>\n\t\t<\/div>\n\t\t\t\t<div class=\"elementor-column elementor-col-50 elementor-top-column elementor-element elementor-element-da8cfdb\" data-id=\"da8cfdb\" data-element_type=\"column\">\n\t\t\t<div class=\"elementor-column-wrap elementor-element-populated\">\n\t\t\t\t\t\t\t<div class=\"elementor-widget-wrap\">\n\t\t\t\t\t\t<div class=\"elementor-element elementor-element-dc95ed9 elementor-widget elementor-widget-image\" data-id=\"dc95ed9\" data-element_type=\"widget\" data-widget_type=\"image.default\">\n\t\t\t\t<div class=\"elementor-widget-container\">\n\t\t\t\t\t<div class=\"elementor-image\">\n\t\t\t\t\t\t\t\t\t\t<img width=\"1024\" height=\"1024\" src=\"https:\/\/kollektiv-radix.at\/wp-content\/uploads\/2022\/08\/sharepic-workshopreihe-2-1024x1024.png\" class=\"attachment-large size-large\" alt=\"\" decoding=\"async\" loading=\"lazy\" srcset=\"https:\/\/kollektiv-radix.at\/wp-content\/uploads\/2022\/08\/sharepic-workshopreihe-2-1024x1024.png 1024w, https:\/\/kollektiv-radix.at\/wp-content\/uploads\/2022\/08\/sharepic-workshopreihe-2-300x300.png 300w, https:\/\/kollektiv-radix.at\/wp-content\/uploads\/2022\/08\/sharepic-workshopreihe-2-150x150.png 150w, https:\/\/kollektiv-radix.at\/wp-content\/uploads\/2022\/08\/sharepic-workshopreihe-2-768x768.png 768w, https:\/\/kollektiv-radix.at\/wp-content\/uploads\/2022\/08\/sharepic-workshopreihe-2-800x800.png 800w, https:\/\/kollektiv-radix.at\/wp-content\/uploads\/2022\/08\/sharepic-workshopreihe-2.png 1080w\" sizes=\"(max-width: 1024px) 100vw, 1024px\" \/>\t\t\t\t\t\t\t\t\t\t\t<\/div>\n\t\t\t\t<\/div>\n\t\t\t\t<\/div>\n\t\t\t\t\t\t<\/div>\n\t\t\t\t\t<\/div>\n\t\t<\/div>\n\t\t\t\t\t\t\t\t<\/div>\n\t\t\t\t\t<\/div>\n\t\t<\/section>\n\t\t\t\t<section class=\"elementor-section elementor-top-section elementor-element elementor-element-f3653b1 elementor-section-boxed elementor-section-height-default elementor-section-height-default\" data-id=\"f3653b1\" data-element_type=\"section\">\n\t\t\t\t\t\t<div class=\"elementor-container elementor-column-gap-default\">\n\t\t\t\t\t\t\t<div class=\"elementor-row\">\n\t\t\t\t\t<div class=\"elementor-column elementor-col-100 elementor-top-column elementor-element elementor-element-3da3d49\" data-id=\"3da3d49\" data-element_type=\"column\">\n\t\t\t<div class=\"elementor-column-wrap elementor-element-populated\">\n\t\t\t\t\t\t\t<div class=\"elementor-widget-wrap\">\n\t\t\t\t\t\t<div class=\"elementor-element elementor-element-3f3a82b elementor-widget elementor-widget-spacer\" data-id=\"3f3a82b\" data-element_type=\"widget\" data-widget_type=\"spacer.default\">\n\t\t\t\t<div class=\"elementor-widget-container\">\n\t\t\t\t\t<div class=\"elementor-spacer\">\n\t\t\t<div class=\"elementor-spacer-inner\"><\/div>\n\t\t<\/div>\n\t\t\t\t<\/div>\n\t\t\t\t<\/div>\n\t\t\t\t\t\t<\/div>\n\t\t\t\t\t<\/div>\n\t\t<\/div>\n\t\t\t\t\t\t\t\t<\/div>\n\t\t\t\t\t<\/div>\n\t\t<\/section>\n\t\t\t\t<section class=\"elementor-section elementor-top-section elementor-element elementor-element-161dff8 elementor-section-boxed elementor-section-height-default elementor-section-height-default\" data-id=\"161dff8\" data-element_type=\"section\">\n\t\t\t\t\t\t<div class=\"elementor-container elementor-column-gap-default\">\n\t\t\t\t\t\t\t<div class=\"elementor-row\">\n\t\t\t\t\t<div class=\"elementor-column elementor-col-100 elementor-top-column elementor-element elementor-element-51d30ec\" data-id=\"51d30ec\" data-element_type=\"column\">\n\t\t\t<div class=\"elementor-column-wrap elementor-element-populated\">\n\t\t\t\t\t\t\t<div class=\"elementor-widget-wrap\">\n\t\t\t\t\t\t<div class=\"elementor-element elementor-element-d82bf83 elementor-widget elementor-widget-heading\" data-id=\"d82bf83\" data-element_type=\"widget\" data-widget_type=\"heading.default\">\n\t\t\t\t<div class=\"elementor-widget-container\">\n\t\t\t<h2 class=\"elementor-heading-title elementor-size-large\">Multiplikator*innen-Tag \"Caring4Future\" <\/h2>\t\t<\/div>\n\t\t\t\t<\/div>\n\t\t\t\t<div class=\"elementor-element elementor-element-0ba4357 elementor-widget elementor-widget-text-editor\" data-id=\"0ba4357\" data-element_type=\"widget\" data-widget_type=\"text-editor.default\">\n\t\t\t\t<div class=\"elementor-widget-container\">\n\t\t\t\t\t<div class=\"elementor-text-editor elementor-clearfix\"><div>Die Ersch\u00f6pfung von Sorgearbeiter:innen und \u00d6kosystemen schreitet immer weiter voran. Dennoch \u00e4ndert sich, (oder die Politik) nichts grundlegendes daran, obwohl sie die gemeinsamen Lebensgrundlagen sichern. Als Antwort auf diese Sorge-Engp\u00e4sse wird immer \u00f6fter unter dem Stichwort &#8222;Resilienz&#8220; allein an die individuelle Verantwortung zur &#8222;Selbstf\u00fcrsorge&#8220; appelliert. Die kollektive Verantwortung f\u00fcr Wohlergehen und Lebensgrundlagen bleiben ausgeklammert, systemische Machtverh\u00e4ltnisse und Ungleichheiten spielen in dieser Diskussion oft keine Rolle. Am Multiplikator:innentag wollen wir deshalb auf gemeinsame, systemische Ursachen von Care-und Klimakrise blicken und fragen, wie ein &#8222;Wirtschaften f\u00fcrs Leben&#8220;, d.h. <b>Care<\/b> ins Zentrum von Wirtschaft und Gesellschaft zu bringen, auch Wege zur Klimagerechtigkeit schafft.\u00a0 Wir werden Methoden ausprobieren, Raum f\u00fcr Reflexion und Diskussion er\u00f6ffnen und Ideen und Kraft f\u00fcr politische Mitgestaltung sammeln.<\/div><div>\u00a0<\/div><\/div>\n\t\t\t\t<\/div>\n\t\t\t\t<\/div>\n\t\t\t\t<div class=\"elementor-element elementor-element-6c4d4e0 elementor-arrows-position-inside elementor-pagination-position-outside elementor-widget elementor-widget-image-carousel\" data-id=\"6c4d4e0\" data-element_type=\"widget\" data-settings=\"{&quot;navigation&quot;:&quot;both&quot;,&quot;autoplay&quot;:&quot;yes&quot;,&quot;pause_on_hover&quot;:&quot;yes&quot;,&quot;pause_on_interaction&quot;:&quot;yes&quot;,&quot;autoplay_speed&quot;:5000,&quot;infinite&quot;:&quot;yes&quot;,&quot;speed&quot;:500}\" data-widget_type=\"image-carousel.default\">\n\t\t\t\t<div class=\"elementor-widget-container\">\n\t\t\t\t\t<div class=\"elementor-image-carousel-wrapper swiper-container\" dir=\"ltr\">\n\t\t\t<div class=\"elementor-image-carousel swiper-wrapper\">\n\t\t\t\t<div class=\"swiper-slide\"><figure class=\"swiper-slide-inner\"><img decoding=\"async\" class=\"swiper-slide-image\" src=\"https:\/\/kollektiv-radix.at\/wp-content\/uploads\/2022\/08\/Caring4Future-Einladung-Sharepic-150x150.png\" alt=\"Caring4Future Tag\" \/><\/figure><\/div><div class=\"swiper-slide\"><figure class=\"swiper-slide-inner\"><img decoding=\"async\" class=\"swiper-slide-image\" src=\"https:\/\/kollektiv-radix.at\/wp-content\/uploads\/2022\/08\/338173D6-EC01-45A7-9A8B-DFA5D712042C-150x150.jpeg\" alt=\"338173D6-EC01-45A7-9A8B-DFA5D712042C\" \/><\/figure><\/div><div class=\"swiper-slide\"><figure class=\"swiper-slide-inner\"><img decoding=\"async\" class=\"swiper-slide-image\" src=\"https:\/\/kollektiv-radix.at\/wp-content\/uploads\/2022\/08\/1B5B478A-1C42-4ED1-B4DD-69766FEED54D-150x150.jpeg\" alt=\"1B5B478A-1C42-4ED1-B4DD-69766FEED54D\" \/><\/figure><\/div><div class=\"swiper-slide\"><figure class=\"swiper-slide-inner\"><img decoding=\"async\" class=\"swiper-slide-image\" src=\"https:\/\/kollektiv-radix.at\/wp-content\/uploads\/2022\/08\/A1DC74BE-2166-4F04-9550-7C8E5E4FFFD6-150x150.jpeg\" alt=\"A1DC74BE-2166-4F04-9550-7C8E5E4FFFD6\" \/><\/figure><\/div><div class=\"swiper-slide\"><figure class=\"swiper-slide-inner\"><img decoding=\"async\" class=\"swiper-slide-image\" src=\"https:\/\/kollektiv-radix.at\/wp-content\/uploads\/2022\/08\/4FEE21DD-2113-425D-A224-1C51560D2D65-150x150.jpeg\" alt=\"4FEE21DD-2113-425D-A224-1C51560D2D65\" \/><\/figure><\/div>\t\t\t<\/div>\n\t\t\t\t\t\t\t\t\t\t\t\t<div class=\"swiper-pagination\"><\/div>\n\t\t\t\t\t\t\t\t\t\t\t\t\t<div class=\"elementor-swiper-button elementor-swiper-button-prev\">\n\t\t\t\t\t\t<i class=\"eicon-chevron-left\" aria-hidden=\"true\"><\/i>\n\t\t\t\t\t\t<span class=\"elementor-screen-only\">Zur\u00fcck<\/span>\n\t\t\t\t\t<\/div>\n\t\t\t\t\t<div class=\"elementor-swiper-button elementor-swiper-button-next\">\n\t\t\t\t\t\t<i class=\"eicon-chevron-right\" aria-hidden=\"true\"><\/i>\n\t\t\t\t\t\t<span class=\"elementor-screen-only\">Weiter<\/span>\n\t\t\t\t\t<\/div>\n\t\t\t\t\t\t\t\t\t<\/div>\n\t\t\t\t<\/div>\n\t\t\t\t<\/div>\n\t\t\t\t\t\t<\/div>\n\t\t\t\t\t<\/div>\n\t\t<\/div>\n\t\t\t\t\t\t\t\t<\/div>\n\t\t\t\t\t<\/div>\n\t\t<\/section>\n\t\t\t\t<section class=\"elementor-section elementor-top-section elementor-element elementor-element-57eb7a8 elementor-section-boxed elementor-section-height-default elementor-section-height-default\" data-id=\"57eb7a8\" data-element_type=\"section\">\n\t\t\t\t\t\t<div class=\"elementor-container elementor-column-gap-default\">\n\t\t\t\t\t\t\t<div class=\"elementor-row\">\n\t\t\t\t\t<div class=\"elementor-column elementor-col-20 elementor-top-column elementor-element elementor-element-bf821e4\" data-id=\"bf821e4\" data-element_type=\"column\">\n\t\t\t<div class=\"elementor-column-wrap elementor-element-populated\">\n\t\t\t\t\t\t\t<div class=\"elementor-widget-wrap\">\n\t\t\t\t\t\t<div class=\"elementor-element elementor-element-51f6aa9 elementor-widget elementor-widget-image\" data-id=\"51f6aa9\" data-element_type=\"widget\" data-widget_type=\"image.default\">\n\t\t\t\t<div class=\"elementor-widget-container\">\n\t\t\t\t\t<div class=\"elementor-image\">\n\t\t\t\t\t\t\t\t\t\t<img width=\"600\" height=\"600\" src=\"https:\/\/kollektiv-radix.at\/wp-content\/uploads\/2022\/03\/KAUZ_logo_RGB_black.jpg\" class=\"attachment-large size-large\" alt=\"\" decoding=\"async\" loading=\"lazy\" srcset=\"https:\/\/kollektiv-radix.at\/wp-content\/uploads\/2022\/03\/KAUZ_logo_RGB_black.jpg 600w, https:\/\/kollektiv-radix.at\/wp-content\/uploads\/2022\/03\/KAUZ_logo_RGB_black-300x300.jpg 300w, https:\/\/kollektiv-radix.at\/wp-content\/uploads\/2022\/03\/KAUZ_logo_RGB_black-150x150.jpg 150w\" sizes=\"(max-width: 600px) 100vw, 600px\" \/>\t\t\t\t\t\t\t\t\t\t\t<\/div>\n\t\t\t\t<\/div>\n\t\t\t\t<\/div>\n\t\t\t\t\t\t<\/div>\n\t\t\t\t\t<\/div>\n\t\t<\/div>\n\t\t\t\t<div class=\"elementor-column elementor-col-20 elementor-top-column elementor-element elementor-element-a7a3a3c\" data-id=\"a7a3a3c\" data-element_type=\"column\">\n\t\t\t<div class=\"elementor-column-wrap elementor-element-populated\">\n\t\t\t\t\t\t\t<div class=\"elementor-widget-wrap\">\n\t\t\t\t\t\t<div class=\"elementor-element elementor-element-80405cb elementor-absolute elementor-widget elementor-widget-image\" data-id=\"80405cb\" data-element_type=\"widget\" data-settings=\"{&quot;_position&quot;:&quot;absolute&quot;}\" data-widget_type=\"image.default\">\n\t\t\t\t<div class=\"elementor-widget-container\">\n\t\t\t\t\t<div class=\"elementor-image\">\n\t\t\t\t\t\t\t\t\t\t<img width=\"360\" height=\"302\" src=\"https:\/\/kollektiv-radix.at\/wp-content\/uploads\/2022\/03\/MehrCare_Logo_Web_kompakt.png\" class=\"attachment-2048x2048 size-2048x2048\" alt=\"\" decoding=\"async\" loading=\"lazy\" srcset=\"https:\/\/kollektiv-radix.at\/wp-content\/uploads\/2022\/03\/MehrCare_Logo_Web_kompakt.png 360w, https:\/\/kollektiv-radix.at\/wp-content\/uploads\/2022\/03\/MehrCare_Logo_Web_kompakt-300x252.png 300w\" sizes=\"(max-width: 360px) 100vw, 360px\" \/>\t\t\t\t\t\t\t\t\t\t\t<\/div>\n\t\t\t\t<\/div>\n\t\t\t\t<\/div>\n\t\t\t\t\t\t<\/div>\n\t\t\t\t\t<\/div>\n\t\t<\/div>\n\t\t\t\t<div class=\"elementor-column elementor-col-20 elementor-top-column elementor-element elementor-element-1138296\" data-id=\"1138296\" data-element_type=\"column\">\n\t\t\t<div class=\"elementor-column-wrap elementor-element-populated\">\n\t\t\t\t\t\t\t<div class=\"elementor-widget-wrap\">\n\t\t\t\t\t\t<div class=\"elementor-element elementor-element-5688751 elementor-absolute elementor-widget elementor-widget-image\" data-id=\"5688751\" data-element_type=\"widget\" data-settings=\"{&quot;_position&quot;:&quot;absolute&quot;}\" data-widget_type=\"image.default\">\n\t\t\t\t<div class=\"elementor-widget-container\">\n\t\t\t\t\t<div class=\"elementor-image\">\n\t\t\t\t\t\t\t\t\t\t<img width=\"896\" height=\"487\" src=\"https:\/\/kollektiv-radix.at\/wp-content\/uploads\/2022\/03\/KAB-Logo.jpg\" class=\"attachment-large size-large\" alt=\"\" decoding=\"async\" loading=\"lazy\" srcset=\"https:\/\/kollektiv-radix.at\/wp-content\/uploads\/2022\/03\/KAB-Logo.jpg 896w, https:\/\/kollektiv-radix.at\/wp-content\/uploads\/2022\/03\/KAB-Logo-300x163.jpg 300w, https:\/\/kollektiv-radix.at\/wp-content\/uploads\/2022\/03\/KAB-Logo-768x417.jpg 768w, https:\/\/kollektiv-radix.at\/wp-content\/uploads\/2022\/03\/KAB-Logo-800x435.jpg 800w\" sizes=\"(max-width: 896px) 100vw, 896px\" \/>\t\t\t\t\t\t\t\t\t\t\t<\/div>\n\t\t\t\t<\/div>\n\t\t\t\t<\/div>\n\t\t\t\t\t\t<\/div>\n\t\t\t\t\t<\/div>\n\t\t<\/div>\n\t\t\t\t<div class=\"elementor-column elementor-col-20 elementor-top-column elementor-element elementor-element-7d08fb2\" data-id=\"7d08fb2\" data-element_type=\"column\">\n\t\t\t<div class=\"elementor-column-wrap elementor-element-populated\">\n\t\t\t\t\t\t\t<div class=\"elementor-widget-wrap\">\n\t\t\t\t\t\t<div class=\"elementor-element elementor-element-d137812 elementor-absolute elementor-widget elementor-widget-image\" data-id=\"d137812\" data-element_type=\"widget\" data-settings=\"{&quot;_position&quot;:&quot;absolute&quot;}\" data-widget_type=\"image.default\">\n\t\t\t\t<div class=\"elementor-widget-container\">\n\t\t\t\t\t<div class=\"elementor-image\">\n\t\t\t\t\t\t\t\t\t\t<img width=\"1024\" height=\"301\" src=\"https:\/\/kollektiv-radix.at\/wp-content\/uploads\/2022\/03\/ka-logo-1024x301.jpg\" class=\"attachment-large size-large\" alt=\"\" decoding=\"async\" loading=\"lazy\" srcset=\"https:\/\/kollektiv-radix.at\/wp-content\/uploads\/2022\/03\/ka-logo-1024x301.jpg 1024w, https:\/\/kollektiv-radix.at\/wp-content\/uploads\/2022\/03\/ka-logo-300x88.jpg 300w, https:\/\/kollektiv-radix.at\/wp-content\/uploads\/2022\/03\/ka-logo-768x226.jpg 768w, https:\/\/kollektiv-radix.at\/wp-content\/uploads\/2022\/03\/ka-logo-800x235.jpg 800w, https:\/\/kollektiv-radix.at\/wp-content\/uploads\/2022\/03\/ka-logo.jpg 1340w\" sizes=\"(max-width: 1024px) 100vw, 1024px\" \/>\t\t\t\t\t\t\t\t\t\t\t<\/div>\n\t\t\t\t<\/div>\n\t\t\t\t<\/div>\n\t\t\t\t\t\t<\/div>\n\t\t\t\t\t<\/div>\n\t\t<\/div>\n\t\t\t\t<div class=\"elementor-column elementor-col-20 elementor-top-column elementor-element elementor-element-b18ec6e\" data-id=\"b18ec6e\" data-element_type=\"column\">\n\t\t\t<div class=\"elementor-column-wrap elementor-element-populated\">\n\t\t\t\t\t\t\t<div class=\"elementor-widget-wrap\">\n\t\t\t\t\t\t<div class=\"elementor-element elementor-element-e9b7c32 elementor-absolute elementor-widget elementor-widget-image\" data-id=\"e9b7c32\" data-element_type=\"widget\" data-settings=\"{&quot;_position&quot;:&quot;absolute&quot;}\" data-widget_type=\"image.default\">\n\t\t\t\t<div class=\"elementor-widget-container\">\n\t\t\t\t\t<div class=\"elementor-image\">\n\t\t\t\t\t\t\t\t\t\t<img width=\"848\" height=\"173\" src=\"https:\/\/kollektiv-radix.at\/wp-content\/uploads\/2022\/03\/Aktuell_Logo_Dioezese.jpg\" class=\"attachment-large size-large\" alt=\"\" decoding=\"async\" loading=\"lazy\" srcset=\"https:\/\/kollektiv-radix.at\/wp-content\/uploads\/2022\/03\/Aktuell_Logo_Dioezese.jpg 848w, https:\/\/kollektiv-radix.at\/wp-content\/uploads\/2022\/03\/Aktuell_Logo_Dioezese-300x61.jpg 300w, https:\/\/kollektiv-radix.at\/wp-content\/uploads\/2022\/03\/Aktuell_Logo_Dioezese-768x157.jpg 768w, https:\/\/kollektiv-radix.at\/wp-content\/uploads\/2022\/03\/Aktuell_Logo_Dioezese-800x163.jpg 800w\" sizes=\"(max-width: 848px) 100vw, 848px\" \/>\t\t\t\t\t\t\t\t\t\t\t<\/div>\n\t\t\t\t<\/div>\n\t\t\t\t<\/div>\n\t\t\t\t\t\t<\/div>\n\t\t\t\t\t<\/div>\n\t\t<\/div>\n\t\t\t\t\t\t\t\t<\/div>\n\t\t\t\t\t<\/div>\n\t\t<\/section>\n\t\t\t\t<section class=\"elementor-section elementor-top-section elementor-element elementor-element-d975d37 elementor-section-boxed elementor-section-height-default elementor-section-height-default\" data-id=\"d975d37\" data-element_type=\"section\">\n\t\t\t\t\t\t<div class=\"elementor-container elementor-column-gap-default\">\n\t\t\t\t\t\t\t<div class=\"elementor-row\">\n\t\t\t\t\t<div class=\"elementor-column elementor-col-100 elementor-top-column elementor-element elementor-element-db9654a\" data-id=\"db9654a\" data-element_type=\"column\">\n\t\t\t<div class=\"elementor-column-wrap elementor-element-populated\">\n\t\t\t\t\t\t\t<div class=\"elementor-widget-wrap\">\n\t\t\t\t\t\t<div class=\"elementor-element elementor-element-c11f414 elementor-widget elementor-widget-spacer\" data-id=\"c11f414\" data-element_type=\"widget\" data-widget_type=\"spacer.default\">\n\t\t\t\t<div class=\"elementor-widget-container\">\n\t\t\t\t\t<div class=\"elementor-spacer\">\n\t\t\t<div class=\"elementor-spacer-inner\"><\/div>\n\t\t<\/div>\n\t\t\t\t<\/div>\n\t\t\t\t<\/div>\n\t\t\t\t\t\t<\/div>\n\t\t\t\t\t<\/div>\n\t\t<\/div>\n\t\t\t\t\t\t\t\t<\/div>\n\t\t\t\t\t<\/div>\n\t\t<\/section>\n\t\t\t\t\t\t<\/div>\n\t\t\t\t\t\t<\/div>\n\t\t\t\t\t<\/div>\n\t\t","protected":false},"excerpt":{"rendered":"<p>Im Projekt &#8222;CAREsilienz &#8211; Mit F\u00fcrsorge in eine sozial-\u00f6kologische Zukunft&#8220; haben wir uns 2022 tiefgehend mit der Verbindung von Care, sozial-\u00f6kologischer Transformation und Widerstandskraft (Resilienz) besch\u00e4ftigt. In Zusammenarbeit mit dem Netzwerk &#8222;Mehr f\u00fcr Care!&#8220; entstanden die Workshopreihe &#8222;Wer sorgt (sich)?&#8220; und eine Multiplikator*innen-Veranstaltung Workshopreihe &#8222;wer sorgt (sich)?&#8220; Multiplikator*innen-Tag &#8222;Caring4Future&#8220; Die Ersch\u00f6pfung von Sorgearbeiter:innen und \u00d6kosystemen schreitet immer weiter voran. Dennoch<\/p>\n<p><a class=\"more-link\" href=\"https:\/\/kollektiv-radix.at\/index.php\/caring4future\/\">Weiterlesen<\/a><\/p>\n","protected":false},"author":4,"featured_media":0,"parent":0,"menu_order":0,"comment_status":"closed","ping_status":"closed","template":"","meta":[],"yoast_head":"<!-- This site is optimized with the Yoast SEO plugin v15.3 - https:\/\/yoast.com\/wordpress\/plugins\/seo\/ -->\n<title>Projekt &quot;CAREsilienz&quot; - radix<\/title>\n<meta name=\"robots\" content=\"index, follow, max-snippet:-1, max-image-preview:large, max-video-preview:-1\" \/>\n<link rel=\"canonical\" href=\"https:\/\/kollektiv-radix.at\/index.php\/caring4future\/\" \/>\n<meta property=\"og:locale\" content=\"de_DE\" \/>\n<meta property=\"og:type\" content=\"article\" \/>\n<meta property=\"og:title\" content=\"Projekt &quot;CAREsilienz&quot; - radix\" \/>\n<meta property=\"og:description\" content=\"Im Projekt &#8222;CAREsilienz &#8211; Mit F\u00fcrsorge in eine sozial-\u00f6kologische Zukunft&#8220; haben wir uns 2022 tiefgehend mit der Verbindung von Care, sozial-\u00f6kologischer Transformation und Widerstandskraft (Resilienz) besch\u00e4ftigt. In Zusammenarbeit mit dem Netzwerk &#8222;Mehr f\u00fcr Care!&#8220; entstanden die Workshopreihe &#8222;Wer sorgt (sich)?&#8220; und eine Multiplikator*innen-Veranstaltung Workshopreihe &#8222;wer sorgt (sich)?&#8220; Multiplikator*innen-Tag &#8222;Caring4Future&#8220; Die Ersch\u00f6pfung von Sorgearbeiter:innen und \u00d6kosystemen schreitet immer weiter voran. DennochWeiterlesen\" \/>\n<meta property=\"og:url\" content=\"https:\/\/kollektiv-radix.at\/index.php\/caring4future\/\" \/>\n<meta property=\"og:site_name\" content=\"radix\" \/>\n<meta property=\"article:modified_time\" content=\"2022-08-31T11:16:07+00:00\" \/>\n<meta property=\"og:image\" content=\"https:\/\/kollektiv-radix.at\/wp-content\/uploads\/2022\/08\/sharepic-workshopreihe-1024x1024.png\" \/>\n<meta name=\"twitter:card\" content=\"summary_large_image\" \/>\n<meta name=\"twitter:label1\" content=\"Verfasst von\">\n\t<meta name=\"twitter:data1\" content=\"Sven\">\n\t<meta name=\"twitter:label2\" content=\"Gesch\u00e4tzte Lesezeit\">\n\t<meta name=\"twitter:data2\" content=\"1\u00a0Minute\">\n<script type=\"application\/ld+json\" class=\"yoast-schema-graph\">{\"@context\":\"https:\/\/schema.org\",\"@graph\":[{\"@type\":\"WebSite\",\"@id\":\"https:\/\/kollektiv-radix.at\/#website\",\"url\":\"https:\/\/kollektiv-radix.at\/\",\"name\":\"radix\",\"description\":\"Kollektiv f\\u00fcr transformative Bildung\",\"potentialAction\":[{\"@type\":\"SearchAction\",\"target\":\"https:\/\/kollektiv-radix.at\/?s={search_term_string}\",\"query-input\":\"required name=search_term_string\"}],\"inLanguage\":\"de\"},{\"@type\":\"ImageObject\",\"@id\":\"https:\/\/kollektiv-radix.at\/index.php\/caring4future\/#primaryimage\",\"inLanguage\":\"de\",\"url\":\"https:\/\/kollektiv-radix.at\/wp-content\/uploads\/2022\/08\/sharepic-workshopreihe.png\",\"width\":1080,\"height\":1080},{\"@type\":\"WebPage\",\"@id\":\"https:\/\/kollektiv-radix.at\/index.php\/caring4future\/#webpage\",\"url\":\"https:\/\/kollektiv-radix.at\/index.php\/caring4future\/\",\"name\":\"Projekt \\\"CAREsilienz\\\" - radix\",\"isPartOf\":{\"@id\":\"https:\/\/kollektiv-radix.at\/#website\"},\"primaryImageOfPage\":{\"@id\":\"https:\/\/kollektiv-radix.at\/index.php\/caring4future\/#primaryimage\"},\"datePublished\":\"2022-03-11T16:36:18+00:00\",\"dateModified\":\"2022-08-31T11:16:07+00:00\",\"inLanguage\":\"de\",\"potentialAction\":[{\"@type\":\"ReadAction\",\"target\":[\"https:\/\/kollektiv-radix.at\/index.php\/caring4future\/\"]}]}]}<\/script>\n<!-- \/ Yoast SEO plugin. -->","_links":{"self":[{"href":"https:\/\/kollektiv-radix.at\/index.php\/wp-json\/wp\/v2\/pages\/708"}],"collection":[{"href":"https:\/\/kollektiv-radix.at\/index.php\/wp-json\/wp\/v2\/pages"}],"about":[{"href":"https:\/\/kollektiv-radix.at\/index.php\/wp-json\/wp\/v2\/types\/page"}],"author":[{"embeddable":true,"href":"https:\/\/kollektiv-radix.at\/index.php\/wp-json\/wp\/v2\/users\/4"}],"replies":[{"embeddable":true,"href":"https:\/\/kollektiv-radix.at\/index.php\/wp-json\/wp\/v2\/comments?post=708"}],"version-history":[{"count":31,"href":"https:\/\/kollektiv-radix.at\/index.php\/wp-json\/wp\/v2\/pages\/708\/revisions"}],"predecessor-version":[{"id":892,"href":"https:\/\/kollektiv-radix.at\/index.php\/wp-json\/wp\/v2\/pages\/708\/revisions\/892"}],"wp:attachment":[{"href":"https:\/\/kollektiv-radix.at\/index.php\/wp-json\/wp\/v2\/media?parent=708"}],"curies":[{"name":"wp","href":"https:\/\/api.w.org\/{rel}","templated":true}]}}